{"id":183,"date":"2023-03-24T19:31:51","date_gmt":"2023-03-24T18:31:51","guid":{"rendered":"https:\/\/grundschulehw.wordpress.com\/?page_id=183"},"modified":"2023-06-22T13:26:10","modified_gmt":"2023-06-22T13:26:10","slug":"schulordnung","status":"publish","type":"page","link":"https:\/\/gshemmingen-westerfeld.de\/index.php\/schulordnung\/","title":{"rendered":"Schulordnung"},"content":{"rendered":"\n<div style=\"height:50px\" aria-hidden=\"true\" class=\"wp-block-spacer\"><\/div>\n\n\n\n<h1 class=\"wp-block-heading has-text-align-center\"><strong>Schulordnung<\/strong><\/h1>\n\n\n\n<div style=\"height:33px\" aria-hidden=\"true\" class=\"wp-block-spacer\"><\/div>\n\n\n\n<div class=\"wp-block-columns alignwide is-layout-flex wp-container-core-columns-is-layout-1 wp-block-columns-is-layout-flex\">\n<div class=\"wp-block-column is-layout-flow wp-block-column-is-layout-flow\" style=\"flex-basis:33.33%\">\n<figure class=\"wp-block-image aligncenter size-large is-resized\"><img loading=\"lazy\" decoding=\"async\" src=\"https:\/\/grundschulehw.files.wordpress.com\/2023\/04\/k.png?w=1024\" alt=\"\" class=\"wp-image-375\" width=\"289\" height=\"289\"\/><\/figure>\n<\/div>\n\n\n\n<div class=\"wp-block-column is-layout-flow wp-block-column-is-layout-flow\" style=\"flex-basis:66.66%\">\n<p><strong>Sch\u00fcler\/innen, Lehrer\/innen und Eltern gehen alle freundlich und r\u00fccksichtsvoll miteinander um und achten andere.<\/strong><br><\/p>\n\n\n\n<p>1. Am Morgen und nach jeder Pause gehe ich langsam und ohne zu dr\u00e4ngeln zu<br>meinem Klassenraum, bzw. warte w\u00e4hrend der Corona-Pandemie auf meinem<br>Klassen-Sammelplatz auf dem Pausenhof mit meiner Mund-Nasen-Maske auf<br>meine Lehrkraft damit wir gemeinsam die Schule betreten k\u00f6nnen. (Eltern d\u00fcrfen<br>nur mit vorheriger telefonischer Anmeldung das Schulgel\u00e4nde betreten).<\/p>\n\n\n\n<p>2. Ich h\u00e4nge meine Jacke an den Haken und ziehe meine Hausschuhe an.<br>Beim Verlassen kommen die Hausschuhe in das Schuhregal.<\/p>\n\n\n\n<p>3. Wir halten unseren Arbeitsplatz und unseren Klassenraum sauber.<\/p>\n\n\n\n<p>4. Im Klassenraum und im Schulgeb\u00e4ude renne und tobe ich nicht.<\/p>\n\n\n\n<p>5. Ich gehe immer leise durch das Schulgeb\u00e4ude.<\/p>\n\n\n\n<p>6. Ich fahre nicht mit dem Fahrrad, Roller oder Kickboard auf dem Schulhof.<br>Ich schiebe mein Fahrrad und stelle es in den Fahrradst\u00e4nder.<\/p>\n\n\n\n<p>7. Es gilt ein Handy- und Smartwatchverbot im Unterricht. Audio- und Videomitschnitte sind aus datenschutzrechtlichen Gr\u00fcnden verboten. Smartwatches und Handys m\u00fcssen daher ausgeschaltet in der Schultasche verbleiben, bis die Kinder nach Schulschluss das Schulgel\u00e4nde verlassen haben.<\/p>\n<\/div>\n<\/div>\n\n\n\n<div style=\"height:100px\" aria-hidden=\"true\" class=\"wp-block-spacer\"><\/div>\n\n\n\n<p class=\"has-text-align-center\"><strong><span style=\"text-decoration: underline\">Jedes Kind hat das Recht,<br>in der Schule ungest\u00f6rt zu lernen und zu spielen.<\/span><\/strong><\/p>\n\n\n\n<div class=\"wp-block-columns alignwide are-vertically-aligned-top is-layout-flex wp-container-core-columns-is-layout-2 wp-block-columns-is-layout-flex\">\n<div class=\"wp-block-column is-vertically-aligned-top is-layout-flow wp-block-column-is-layout-flow\" style=\"flex-basis:33.33%\">\n<figure class=\"wp-block-image aligncenter size-large is-resized\"><img loading=\"lazy\" decoding=\"async\" src=\"https:\/\/grundschulehw.files.wordpress.com\/2023\/04\/stop-g4e3b2fa76_1280.png?w=1024\" alt=\"\" class=\"wp-image-378\" width=\"194\" height=\"194\"\/><\/figure>\n<\/div>\n\n\n\n<div class=\"wp-block-column is-vertically-aligned-top is-layout-flow wp-block-column-is-layout-flow\" style=\"flex-basis:66.66%\">\n<p><strong>Pausenregeln: das ist in der Schule verboten<\/strong><\/p>\n\n\n\n<p>\u2192 das Klettern an den B\u00e4umen \/das Spielen im Geb\u00fcsch und das abziehen\/rausziehen von Bl\u00e4ttern\/Pflanzen (Schilf)<br>\u2192 das Klettern an den Fahrradst\u00e4ndern<br>\u2192 das Spielen und Klettern an den M\u00fclltonnen<br>\u2192 das Klettern am Schultor und am Schulzaun<br>\u2192 das Spielen mit St\u00f6cken, Flummis und harten B\u00e4llen<br>\u2192 das Klettern an den Treppengel\u00e4ndern<br>\u2192 technische Ger\u00e4te (z.B. Handys oder Fotoapparate etc.) ohne vorherige Absprache mit der Klassenlehrerin\/dem Klassenlehrer. Sofern ich dies doch mache, ist mir bewusst, dass ich keine Schadensanspr\u00fcche stellen kann.<\/p>\n<\/div>\n<\/div>\n\n\n\n<div style=\"height:100px\" aria-hidden=\"true\" class=\"wp-block-spacer\"><\/div>\n\n\n\n<div class=\"wp-block-columns alignwide is-layout-flex wp-container-core-columns-is-layout-3 wp-block-columns-is-layout-flex\">\n<div class=\"wp-block-column is-layout-flow wp-block-column-is-layout-flow\" style=\"flex-basis:50%\">\n<p class=\"has-text-align-center\"><strong>In deinem Sch\u00fclerbuch wirst du zusammen mit deinen Mitsch\u00fcler\/innen einen Klassenvertrag ausf\u00fcllen:<\/strong><\/p>\n\n\n\n<p class=\"has-text-align-center\">In unserer Schule kommen Kinder zusammen, die sehr unterschiedlich sind:<br>Gro\u00dfe und kleine, laute und leise, langsame und schnelle. Alle wollen sich hier wohlf\u00fchlen, Spa\u00df haben, lachen und in freundlicher Umgebung miteinander lernen und spielen k\u00f6nnen.<br>Keiner soll zu Schaden kommen, auch du nicht. Deshalb m\u00fcssen wir uns an bestimmte<br>Regeln halten. Nur wenn uns das gelingt, werden wir eine gute Schulgemeinschaft sein.<br><strong>Deshalb schlagen, treten, schubsen, \u00e4rgern und beleidigen wir nicht.<\/strong><br>Wenn dich trotzdem eine\/r mit Worten oder Taten verletzt hat, dann sag mit vorgestreckter erhobener Hand: <strong>\u201eStopp, ich will das nicht!\u201c<\/strong> oder <strong>\u201eH\u00f6r auf!\u201c<\/strong> oder <strong>\u201eLass das sein!\u201c<\/strong><br>H\u00f6rt der\/die andere nicht auf, dann gehe bitte zum Lehrer und hole Hilfe.<br><strong>Das ist kein Petzen!<\/strong><br>Wenn eine\/r dennoch gegen die Regeln verst\u00f6\u00dft, werden folgende Ma\u00dfnahmen ergriffen:<\/p>\n\n\n\n<p class=\"has-text-align-center\"><br>&#8211; M\u00fcndliche Entschuldigung<br>&#8211; Entschuldigungsbrief oder Entschuldigungsbild<br>&#8211; Wiedergutmachung durch Arbeit f\u00fcr die Gemeinschaft<br>&#8211; Ausschluss von der Hofpause<br>&#8211; Ausschluss vom restlichen Unterricht des Tages in der eigenen Klasse und am darauffolgenden Tag bzw. Verweis in eine andere Klasse\/nach Hause schicken.<br>&#8211; Sch\u00fcler-Lehrer-Elterngespr\u00e4ch<br><\/p>\n<\/div>\n\n\n\n<div class=\"wp-block-column is-layout-flow wp-block-column-is-layout-flow\" style=\"flex-basis:25%\">\n<figure class=\"wp-block-image size-large\"><img loading=\"lazy\" decoding=\"async\" width=\"1280\" height=\"995\" src=\"https:\/\/grundschulehw.files.wordpress.com\/2023\/04\/hands-gaa36d68ac_1280.png?w=1024\" alt=\"\" class=\"wp-image-385\"\/><\/figure>\n<\/div>\n<\/div>\n\n\n\n<p class=\"has-text-align-center\"><strong>Ma\u00dfnahmenkatalog<\/strong><\/p>\n\n\n\n<p class=\"has-text-align-center\"><em>1. M\u00fcndliche Entschuldigung:<\/em><br>Anrempeln, falsches Verhalten aus Versehen, Beleidigungen, Verstecken von Gegenst\u00e4nden<br><\/p>\n\n\n\n<p class=\"has-text-align-center\"><em>2. Entschuldigungsbrief\/Entschuldigungsbild oder Wiedergutmachung durch Arbeit f\u00fcr die Gemeinschaft:<\/em><br>absichtliches Schubsen, absichtliches Spucken oder Kratzen, Haare ziehen, Schlagen, gr\u00f6bere Beleidigungen, \u00c4rgern auf dem Schulweg<br><\/p>\n\n\n\n<p class=\"has-text-align-center\"><em>3. Ausschluss von der Hofpause:<\/em><br>Pr\u00fcgeln, Bein stellen, Schlagen mit Gegenst\u00e4nden<\/p>\n\n\n\n<p class=\"has-text-align-center\"><br><em>4. Ausschluss vom Unterricht\/Sch\u00fcler-Lehrer-Elterngespr\u00e4ch:<\/em><br>Wiederholungsfall des oben angegebenen Verhaltens<\/p>\n\n\n\n<p class=\"has-text-align-center\"><br><em>5. Ausschluss vom Unterricht am darauf folgenden Tag:<\/em><br>Uneinsichtigkeit, Gef\u00e4hrdung anderer Kinder<\/p>\n\n\n\n<p>Falls das Kind bei Ma\u00dfnahme 4 oder 5 nicht nach Hause geschickt werden kann, sollte es m\u00f6glichst am Unterricht der n\u00e4chst tieferen Klasse teilnehmen.<\/p>\n\n\n\n<div style=\"height:43px\" aria-hidden=\"true\" class=\"wp-block-spacer\"><\/div>\n\n\n\n<figure class=\"wp-block-image size-large has-custom-border\"><img loading=\"lazy\" decoding=\"async\" width=\"1080\" height=\"347\" src=\"https:\/\/grundschulehw.files.wordpress.com\/2023\/04\/beschwerdereglung.png?w=1024\" alt=\"\" class=\"wp-image-432\" style=\"border-radius:50px\"\/><\/figure>\n\n\n\n<div style=\"height:40px\" aria-hidden=\"true\" class=\"wp-block-spacer\"><\/div>\n\n\n\n<div class=\"wp-block-columns is-layout-flex wp-container-core-columns-is-layout-4 wp-block-columns-is-layout-flex\">\n<div class=\"wp-block-column is-layout-flow wp-block-column-is-layout-flow\">\n<div class=\"wp-block-file aligncenter\"><a id=\"wp-block-file--media-69c2b5bb-8c2c-456e-b3e5-ea018b5edd55\" href=\"https:\/\/grundschulehw.files.wordpress.com\/2023\/04\/gs-hemmingen-westerfeld_inhalt-88-89.pdf\" target=\"_blank\" rel=\"noreferrer noopener\">Sch\u00fclerbuch Seite 88-89<\/a><\/div>\n<\/div>\n\n\n\n<div class=\"wp-block-column is-layout-flow wp-block-column-is-layout-flow\">\n<h4 class=\"wp-block-heading has-text-align-center\">Waffenerlass<\/h4>\n<\/div>\n<\/div>\n\n\n\n<div class=\"wp-block-columns is-layout-flex wp-container-core-columns-is-layout-5 wp-block-columns-is-layout-flex\">\n<div class=\"wp-block-column is-layout-flow wp-block-column-is-layout-flow\">\n<div class=\"wp-block-file aligncenter\"><a id=\"wp-block-file--media-1e784033-72ef-49bd-9b75-3e2df5fbdc9f\" href=\"https:\/\/grundschulehw.files.wordpress.com\/2023\/04\/gs-hemmingen-westerfeld_inhalt-90-91.pdf\" target=\"_blank\" rel=\"noreferrer noopener\">Sch\u00fclerbuch Seite 90-91<\/a><\/div>\n<\/div>\n\n\n\n<div class=\"wp-block-column is-layout-flow wp-block-column-is-layout-flow\">\n<h4 class=\"wp-block-heading has-text-align-center\">Infektionsschutz<\/h4>\n<\/div>\n<\/div>\n\n\n\n<div style=\"height:100px\" aria-hidden=\"true\" class=\"wp-block-spacer\"><\/div>\n\n\n\n<div class=\"wp-block-columns alignwide is-layout-flex wp-container-core-columns-is-layout-8 wp-block-columns-is-layout-flex\">\n<div class=\"wp-block-column is-layout-flow wp-block-column-is-layout-flow\" style=\"flex-basis:100%\">\n<div class=\"wp-block-columns alignwide has-chivo-font-family is-layout-flex wp-container-core-columns-is-layout-6 wp-block-columns-is-layout-flex\">\n<div class=\"wp-block-column is-layout-flow wp-block-column-is-layout-flow\">\n<h1 class=\"wp-block-heading has-text-align-center has-chivo-font-family has-medium-font-size\"><strong>Grundschule Hemmingen-Westerfeld<\/strong><\/h1>\n\n\n\n<p class=\"has-text-align-center\">K\u00f6llnbrinkweg 48<\/p>\n\n\n\n<p class=\"has-text-align-center\">30966 Hemmingen<\/p>\n<\/div>\n\n\n\n<div class=\"wp-block-column is-layout-flow wp-block-column-is-layout-flow\">\n<p class=\"has-text-align-center\"><strong>Lassen Sie es uns wissen,<\/strong><\/p>\n\n\n\n<p class=\"has-text-align-center\"><strong>wenn Sie Fragen haben.<\/strong><\/p>\n\n\n\n<p class=\"has-text-align-center\"><a href=\"mailto:sekretariat@gshemmingen-westerfeld.de\" data-type=\"mailto\" data-id=\"mailto:sekretariat@gshemmingen-westerfeld.de\">\u2709 sekretariat@gshemmingen-westerfeld.de<\/a><\/p>\n<\/div>\n<\/div>\n\n\n\n<div style=\"height:40px\" aria-hidden=\"true\" class=\"wp-block-spacer\"><\/div>\n\n\n\n<p class=\"has-text-align-center has-chivo-font-family\">\u00a9 2023 Grundschule Hemmingen-Westerfeld<\/p>\n\n\n\n<div class=\"wp-block-columns has-chivo-font-family is-layout-flex wp-container-core-columns-is-layout-7 wp-block-columns-is-layout-flex\">\n<div class=\"wp-block-column is-layout-flow wp-block-column-is-layout-flow\">\n<p class=\"has-text-align-center has-link-color wp-elements-a3464565d3f97647b68b682ae352363d\"><a href=\"https:\/\/gshemmingen-westerfeld.de\/index.php\/impressum\/\" data-type=\"page\" data-id=\"129\">Impressum<\/a> &amp; <a href=\"https:\/\/gshemmingen-westerfeld.de\/index.php\/datenschutz\/\" data-type=\"page\" data-id=\"133\">Datenschutz<\/a><\/p>\n<\/div>\n<\/div>\n<\/div>\n<\/div>\n","protected":false},"excerpt":{"rendered":"<p>Schulordnung Sch\u00fcler\/innen, Lehrer\/innen und Eltern gehen alle freundlich und r\u00fccksichtsvoll miteinander um und achten andere. 1. Am Morgen und nach jeder Pause gehe ich langsam und ohne zu dr\u00e4ngeln zumeinem Klassenraum, bzw. warte w\u00e4hrend der Corona-Pandemie auf meinemKlassen-Sammelplatz auf dem Pausenhof mit meiner Mund-Nasen-Maske aufmeine Lehrkraft damit wir gemeinsam die Schule betreten k\u00f6nnen. (Eltern d\u00fcrfennur [&hellip;]<\/p>\n","protected":false},"author":1,"featured_media":0,"parent":0,"menu_order":0,"comment_status":"closed","ping_status":"closed","template":"","meta":{"footnotes":""},"class_list":["post-183","page","type-page","status-publish","hentry"],"jetpack_sharing_enabled":true,"_links":{"self":[{"href":"https:\/\/gshemmingen-westerfeld.de\/index.php\/wp-json\/wp\/v2\/pages\/183","targetHints":{"allow":["GET"]}}],"collection":[{"href":"https:\/\/gshemmingen-westerfeld.de\/index.php\/wp-json\/wp\/v2\/pages"}],"about":[{"href":"https:\/\/gshemmingen-westerfeld.de\/index.php\/wp-json\/wp\/v2\/types\/page"}],"author":[{"embeddable":true,"href":"https:\/\/gshemmingen-westerfeld.de\/index.php\/wp-json\/wp\/v2\/users\/1"}],"replies":[{"embeddable":true,"href":"https:\/\/gshemmingen-westerfeld.de\/index.php\/wp-json\/wp\/v2\/comments?post=183"}],"version-history":[{"count":4,"href":"https:\/\/gshemmingen-westerfeld.de\/index.php\/wp-json\/wp\/v2\/pages\/183\/revisions"}],"predecessor-version":[{"id":1153,"href":"https:\/\/gshemmingen-westerfeld.de\/index.php\/wp-json\/wp\/v2\/pages\/183\/revisions\/1153"}],"wp:attachment":[{"href":"https:\/\/gshemmingen-westerfeld.de\/index.php\/wp-json\/wp\/v2\/media?parent=183"}],"curies":[{"name":"wp","href":"https:\/\/api.w.org\/{rel}","templated":true}]}}