{"id":610,"date":"2023-04-28T09:13:54","date_gmt":"2023-04-28T07:13:54","guid":{"rendered":"https:\/\/grundschulehw.wordpress.com\/?page_id=610"},"modified":"2026-03-17T08:46:28","modified_gmt":"2026-03-17T08:46:28","slug":"projekte","status":"publish","type":"page","link":"https:\/\/gshemmingen-westerfeld.de\/index.php\/projekte\/","title":{"rendered":"Schulleben"},"content":{"rendered":"\n<h1 class=\"wp-block-heading has-text-align-center\"><strong>Schulleben<\/strong> <\/h1>\n\n\n\n<h2 class=\"wp-block-heading\"><br>Schnuppertraining: Hockey und Rugby<\/h2>\n\n\n\n<p>Im M\u00e4rz erhalten alle dritten Klassen eine Stunde Schnuppertraining im Hockey sowie eine im Rugby durch Hannover 78. Die Kinder durften mit echten Hockeyschl\u00e4gern und &#8211; b\u00e4llen die Ballf\u00fchrung und das Passen \u00fcben und einen kleinen Parcours durchlaufen sowie den Rugbyball ausprobieren und damit das Werfen und Fangen \u00fcben. Gro\u00dfe Freunde hatten unsere Drittkl\u00e4sslerInnen vor allem beim Tackeln. Vielen Dank daf\u00fcr an die Trainer Igor und Ole von Hannover 78.<\/p>\n\n\n\n<figure class=\"wp-block-gallery has-nested-images columns-default is-cropped wp-block-gallery-1 is-layout-flex wp-block-gallery-is-layout-flex\">\n<figure class=\"wp-block-image size-large has-custom-border\"><img loading=\"lazy\" decoding=\"async\" width=\"767\" height=\"1024\" data-id=\"2104\" src=\"https:\/\/gshemmingen-westerfeld.de\/wp-content\/uploads\/2026\/03\/IMG_5205-1-767x1024.jpeg\" alt=\"\" class=\"wp-image-2104\" style=\"border-radius:25px\" srcset=\"https:\/\/gshemmingen-westerfeld.de\/wp-content\/uploads\/2026\/03\/IMG_5205-1-767x1024.jpeg 767w, https:\/\/gshemmingen-westerfeld.de\/wp-content\/uploads\/2026\/03\/IMG_5205-1-225x300.jpeg 225w, https:\/\/gshemmingen-westerfeld.de\/wp-content\/uploads\/2026\/03\/IMG_5205-1-768x1026.jpeg 768w, https:\/\/gshemmingen-westerfeld.de\/wp-content\/uploads\/2026\/03\/IMG_5205-1-1150x1536.jpeg 1150w, https:\/\/gshemmingen-westerfeld.de\/wp-content\/uploads\/2026\/03\/IMG_5205-1.jpeg 1330w\" sizes=\"auto, (max-width: 767px) 100vw, 767px\" \/><\/figure>\n\n\n\n<figure class=\"wp-block-image size-large has-custom-border\"><img loading=\"lazy\" decoding=\"async\" width=\"766\" height=\"1024\" data-id=\"2105\" src=\"https:\/\/gshemmingen-westerfeld.de\/wp-content\/uploads\/2026\/03\/IMG_5191-766x1024.jpeg\" alt=\"\" class=\"wp-image-2105\" style=\"border-style:none;border-width:0px;border-radius:25px\" srcset=\"https:\/\/gshemmingen-westerfeld.de\/wp-content\/uploads\/2026\/03\/IMG_5191-766x1024.jpeg 766w, https:\/\/gshemmingen-westerfeld.de\/wp-content\/uploads\/2026\/03\/IMG_5191-225x300.jpeg 225w, https:\/\/gshemmingen-westerfeld.de\/wp-content\/uploads\/2026\/03\/IMG_5191-768x1026.jpeg 768w, https:\/\/gshemmingen-westerfeld.de\/wp-content\/uploads\/2026\/03\/IMG_5191.jpeg 958w\" sizes=\"auto, (max-width: 766px) 100vw, 766px\" \/><\/figure>\n<\/figure>\n\n\n\n<h2 class=\"wp-block-heading\">Fasching 2026<\/h2>\n\n\n\n<p>Dieses Jahr wurden bei unserer Faschingsfeier in der Aula die sch\u00f6nsten und kreativsten Kost\u00fcme gew\u00fcrdigt. Nach der Polonaise fanden sich alle Klassen in der Aula zum Schultanz und der Modenschau ein. Eine Jury aus MitarbeiterInnen der Schule, darunter auch Bobi und Frau Seifert, w\u00e4hlte aus jedem Jahrgang drei Sieger. Die Auswahl war schwierig, denn es gab sehr viele besondere Kost\u00fcme. Hier seht ihr die Jahrgangssieger:<\/p>\n\n\n\n<figure class=\"wp-block-image size-large has-custom-border\"><img loading=\"lazy\" decoding=\"async\" width=\"1024\" height=\"768\" src=\"https:\/\/gshemmingen-westerfeld.de\/wp-content\/uploads\/2026\/02\/IMG_4769-1024x768.jpeg\" alt=\"\" class=\"wp-image-2091\" style=\"border-radius:24px\" srcset=\"https:\/\/gshemmingen-westerfeld.de\/wp-content\/uploads\/2026\/02\/IMG_4769-1024x768.jpeg 1024w, https:\/\/gshemmingen-westerfeld.de\/wp-content\/uploads\/2026\/02\/IMG_4769-300x225.jpeg 300w, https:\/\/gshemmingen-westerfeld.de\/wp-content\/uploads\/2026\/02\/IMG_4769-768x576.jpeg 768w, https:\/\/gshemmingen-westerfeld.de\/wp-content\/uploads\/2026\/02\/IMG_4769-1536x1152.jpeg 1536w, https:\/\/gshemmingen-westerfeld.de\/wp-content\/uploads\/2026\/02\/IMG_4769-2048x1536.jpeg 2048w\" sizes=\"auto, (max-width: 1024px) 100vw, 1024px\" \/><\/figure>\n\n\n\n<p>Anschlie\u00dfend wurde noch zu \u201eMacarena\u201c und \u201eSo ein sch\u00f6ner Tag\u201c getanzt. <\/p>\n\n\n\n<h2 class=\"wp-block-heading\"><br>Junior League<\/h2>\n\n\n\n<p>Die Handball AG des Ganztages durfte beim Junior League Turnier des TKH mitmachen. Unsere Grundschule setzte sich gegen Arnum und Hiddestorf durch und belegte am Ende den 1. Platz. Herzlichen Gl\u00fcckwunsch an das Team! <\/p>\n\n\n\n<figure class=\"wp-block-gallery has-nested-images columns-default is-cropped wp-block-gallery-2 is-layout-flex wp-block-gallery-is-layout-flex\">\n<figure class=\"wp-block-image size-large has-custom-border\"><img loading=\"lazy\" decoding=\"async\" width=\"831\" height=\"1024\" data-id=\"2075\" src=\"https:\/\/gshemmingen-westerfeld.de\/wp-content\/uploads\/2026\/01\/3e60f1b4-671c-4d69-bef0-0a7404e12fc6-831x1024.jpeg\" alt=\"\" class=\"wp-image-2075\" style=\"border-radius:25px\" srcset=\"https:\/\/gshemmingen-westerfeld.de\/wp-content\/uploads\/2026\/01\/3e60f1b4-671c-4d69-bef0-0a7404e12fc6-831x1024.jpeg 831w, https:\/\/gshemmingen-westerfeld.de\/wp-content\/uploads\/2026\/01\/3e60f1b4-671c-4d69-bef0-0a7404e12fc6-244x300.jpeg 244w, https:\/\/gshemmingen-westerfeld.de\/wp-content\/uploads\/2026\/01\/3e60f1b4-671c-4d69-bef0-0a7404e12fc6-768x946.jpeg 768w, https:\/\/gshemmingen-westerfeld.de\/wp-content\/uploads\/2026\/01\/3e60f1b4-671c-4d69-bef0-0a7404e12fc6.jpeg 974w\" sizes=\"auto, (max-width: 831px) 100vw, 831px\" \/><\/figure>\n\n\n\n<figure class=\"wp-block-image size-large has-custom-border\"><img loading=\"lazy\" decoding=\"async\" width=\"768\" height=\"1024\" data-id=\"2076\" src=\"https:\/\/gshemmingen-westerfeld.de\/wp-content\/uploads\/2026\/01\/48e3b704-0a5b-44a3-a574-c9f9a7f510c1-768x1024.jpeg\" alt=\"\" class=\"wp-image-2076\" style=\"border-radius:25px\" srcset=\"https:\/\/gshemmingen-westerfeld.de\/wp-content\/uploads\/2026\/01\/48e3b704-0a5b-44a3-a574-c9f9a7f510c1-768x1024.jpeg 768w, https:\/\/gshemmingen-westerfeld.de\/wp-content\/uploads\/2026\/01\/48e3b704-0a5b-44a3-a574-c9f9a7f510c1-225x300.jpeg 225w, https:\/\/gshemmingen-westerfeld.de\/wp-content\/uploads\/2026\/01\/48e3b704-0a5b-44a3-a574-c9f9a7f510c1-1152x1536.jpeg 1152w, https:\/\/gshemmingen-westerfeld.de\/wp-content\/uploads\/2026\/01\/48e3b704-0a5b-44a3-a574-c9f9a7f510c1.jpeg 1536w\" sizes=\"auto, (max-width: 768px) 100vw, 768px\" \/><\/figure>\n<\/figure>\n\n\n\n<p><\/p>\n\n\n\n<h2 class=\"wp-block-heading\">Rundlaufcup<\/h2>\n\n\n\n<figure class=\"wp-block-image size-large has-custom-border\"><img loading=\"lazy\" decoding=\"async\" width=\"1024\" height=\"768\" src=\"https:\/\/gshemmingen-westerfeld.de\/wp-content\/uploads\/2026\/01\/IMG_6263-1024x768.jpeg\" alt=\"\" class=\"wp-image-2068\" style=\"border-radius:25px\" srcset=\"https:\/\/gshemmingen-westerfeld.de\/wp-content\/uploads\/2026\/01\/IMG_6263-1024x768.jpeg 1024w, https:\/\/gshemmingen-westerfeld.de\/wp-content\/uploads\/2026\/01\/IMG_6263-300x225.jpeg 300w, https:\/\/gshemmingen-westerfeld.de\/wp-content\/uploads\/2026\/01\/IMG_6263-768x576.jpeg 768w, https:\/\/gshemmingen-westerfeld.de\/wp-content\/uploads\/2026\/01\/IMG_6263.jpeg 1280w\" sizes=\"auto, (max-width: 1024px) 100vw, 1024px\" \/><\/figure>\n\n\n\n<p>Beim Tischtennis-Rundlaufcup traten unsere Viertkl\u00e4ssler in Vierer- oder F\u00fcnferteams gegeneinander im Tischtennis-Rundlauf an. Einen Vormittag f\u00fchrte der SC Hemmingen-Westerfeld dieses Turnier in unserer Sporthalle durch. Die Stimmung war gut und es gab einige spannende Begegnungen zu sehen. Es war ein voller Erfolg! <\/p>\n\n\n\n<h2 class=\"wp-block-heading\">Fu\u00dfballturnier<\/h2>\n\n\n\n<figure class=\"wp-block-image size-full has-custom-border\"><img loading=\"lazy\" decoding=\"async\" width=\"1280\" height=\"960\" src=\"https:\/\/gshemmingen-westerfeld.de\/wp-content\/uploads\/2026\/01\/IMG_4130.jpeg\" alt=\"\" class=\"wp-image-2066\" style=\"border-style:none;border-width:0px;border-radius:25px\" srcset=\"https:\/\/gshemmingen-westerfeld.de\/wp-content\/uploads\/2026\/01\/IMG_4130.jpeg 1280w, https:\/\/gshemmingen-westerfeld.de\/wp-content\/uploads\/2026\/01\/IMG_4130-300x225.jpeg 300w, https:\/\/gshemmingen-westerfeld.de\/wp-content\/uploads\/2026\/01\/IMG_4130-1024x768.jpeg 1024w, https:\/\/gshemmingen-westerfeld.de\/wp-content\/uploads\/2026\/01\/IMG_4130-768x576.jpeg 768w\" sizes=\"auto, (max-width: 1280px) 100vw, 1280px\" \/><\/figure>\n\n\n\n<p>Im Januar nahmen wir mit einer M\u00e4dchenmannschaft an den Kreismeisterschaften im Fu\u00dfball der Grundschulen teil. Von vier spannenden Spielen gewannen wir drei und wurden zweiter, sodass wir in die n\u00e4chste Runde weiterkamen. <\/p>\n\n\n\n<p>Am darauf folgenden Dienstag traten wir zur Endrunde an und erk\u00e4mpften uns wieder den zweiten Platz von sechs Teams. Fast h\u00e4tte es sogar noch f\u00fcr ein Weiterkommen in die Bezirksrunde gereicht. <\/p>\n\n\n\n<figure class=\"wp-block-gallery has-nested-images columns-default is-cropped wp-block-gallery-3 is-layout-flex wp-block-gallery-is-layout-flex\" style=\"border-radius:25px\">\n<figure class=\"wp-block-image size-large has-custom-border\"><img loading=\"lazy\" decoding=\"async\" width=\"480\" height=\"640\" data-id=\"2064\" src=\"https:\/\/gshemmingen-westerfeld.de\/wp-content\/uploads\/2026\/01\/IMG_4110-rotated.jpeg\" alt=\"\" class=\"wp-image-2064\" style=\"border-radius:25px\" srcset=\"https:\/\/gshemmingen-westerfeld.de\/wp-content\/uploads\/2026\/01\/IMG_4110-rotated.jpeg 480w, https:\/\/gshemmingen-westerfeld.de\/wp-content\/uploads\/2026\/01\/IMG_4110-225x300.jpeg 225w\" sizes=\"auto, (max-width: 480px) 100vw, 480px\" \/><\/figure>\n\n\n\n<figure class=\"wp-block-image size-large has-custom-border\"><img loading=\"lazy\" decoding=\"async\" width=\"480\" height=\"555\" data-id=\"2063\" src=\"https:\/\/gshemmingen-westerfeld.de\/wp-content\/uploads\/2026\/01\/IMG_4117-1.jpeg\" alt=\"\" class=\"wp-image-2063\" style=\"border-radius:25px\" srcset=\"https:\/\/gshemmingen-westerfeld.de\/wp-content\/uploads\/2026\/01\/IMG_4117-1.jpeg 480w, https:\/\/gshemmingen-westerfeld.de\/wp-content\/uploads\/2026\/01\/IMG_4117-1-259x300.jpeg 259w\" sizes=\"auto, (max-width: 480px) 100vw, 480px\" \/><\/figure>\n<\/figure>\n\n\n\n<h2 class=\"wp-block-heading\">Skipping Hearts<\/h2>\n\n\n\n<figure class=\"wp-block-image size-large has-custom-border\" style=\"margin-right:var(--wp--preset--spacing--40);margin-left:var(--wp--preset--spacing--40)\"><img loading=\"lazy\" decoding=\"async\" width=\"1024\" height=\"768\" src=\"https:\/\/gshemmingen-westerfeld.de\/wp-content\/uploads\/2025\/12\/e3df1067-7ebd-4725-b030-76fa73596cee-1024x768.jpeg\" alt=\"\" class=\"wp-image-2018\" style=\"border-radius:26px\" srcset=\"https:\/\/gshemmingen-westerfeld.de\/wp-content\/uploads\/2025\/12\/e3df1067-7ebd-4725-b030-76fa73596cee-1024x768.jpeg 1024w, https:\/\/gshemmingen-westerfeld.de\/wp-content\/uploads\/2025\/12\/e3df1067-7ebd-4725-b030-76fa73596cee-300x225.jpeg 300w, https:\/\/gshemmingen-westerfeld.de\/wp-content\/uploads\/2025\/12\/e3df1067-7ebd-4725-b030-76fa73596cee-768x576.jpeg 768w, https:\/\/gshemmingen-westerfeld.de\/wp-content\/uploads\/2025\/12\/e3df1067-7ebd-4725-b030-76fa73596cee-1536x1152.jpeg 1536w, https:\/\/gshemmingen-westerfeld.de\/wp-content\/uploads\/2025\/12\/e3df1067-7ebd-4725-b030-76fa73596cee.jpeg 1600w\" sizes=\"auto, (max-width: 1024px) 100vw, 1024px\" \/><\/figure>\n\n\n\n<p>Das Skipping Hearts Projekt der deutschen Herzstiftung war im Dezember 2025 an unserer Schule. Drei\u00dfig Kinder unseres 3. Jahrgangs durften am 90-min\u00fctigen Workshop teilnehmen. Anschlie\u00dfend pr\u00e4sentierten sie das Gelernte vor ihren Klassenkameraden. <\/p>\n\n\n\n<h2 class=\"wp-block-heading\">Lili &amp; Claudius<\/h2>\n\n\n\n<figure class=\"wp-block-gallery has-nested-images columns-default is-cropped wp-block-gallery-4 is-layout-flex wp-block-gallery-is-layout-flex\">\n<figure class=\"wp-block-image size-large has-custom-border\"><img loading=\"lazy\" decoding=\"async\" width=\"1024\" height=\"768\" data-id=\"2007\" src=\"https:\/\/gshemmingen-westerfeld.de\/wp-content\/uploads\/2025\/12\/IMG_2676-1024x768.jpg\" alt=\"\" class=\"wp-image-2007\" style=\"border-radius:25px\" srcset=\"https:\/\/gshemmingen-westerfeld.de\/wp-content\/uploads\/2025\/12\/IMG_2676-1024x768.jpg 1024w, https:\/\/gshemmingen-westerfeld.de\/wp-content\/uploads\/2025\/12\/IMG_2676-300x225.jpg 300w, https:\/\/gshemmingen-westerfeld.de\/wp-content\/uploads\/2025\/12\/IMG_2676-768x576.jpg 768w, https:\/\/gshemmingen-westerfeld.de\/wp-content\/uploads\/2025\/12\/IMG_2676.jpg 1280w\" sizes=\"auto, (max-width: 1024px) 100vw, 1024px\" \/><\/figure>\n\n\n\n<figure class=\"wp-block-image size-large has-custom-border\"><img loading=\"lazy\" decoding=\"async\" width=\"994\" height=\"1024\" data-id=\"2008\" src=\"https:\/\/gshemmingen-westerfeld.de\/wp-content\/uploads\/2025\/12\/IMG_2675-1-994x1024.jpeg\" alt=\"\" class=\"wp-image-2008\" style=\"border-radius:25px\" srcset=\"https:\/\/gshemmingen-westerfeld.de\/wp-content\/uploads\/2025\/12\/IMG_2675-1-994x1024.jpeg 994w, https:\/\/gshemmingen-westerfeld.de\/wp-content\/uploads\/2025\/12\/IMG_2675-1-291x300.jpeg 291w, https:\/\/gshemmingen-westerfeld.de\/wp-content\/uploads\/2025\/12\/IMG_2675-1-768x791.jpeg 768w, https:\/\/gshemmingen-westerfeld.de\/wp-content\/uploads\/2025\/12\/IMG_2675-1.jpeg 1242w\" sizes=\"auto, (max-width: 994px) 100vw, 994px\" \/><\/figure>\n<\/figure>\n\n\n\n<p>Das Umwelttheater &#8222;Lili &amp; Claudius&#8220; besuchte uns Anfang Dezember 2025. Alle Klassen der Schule durften bei einem lustigen Theaterst\u00fcck etwas \u00fcber Umweltthemen lernen. Vielen Dank an Enercity!<\/p>\n\n\n\n<h2 class=\"wp-block-heading\">Bundesjugensspiele<\/h2>\n\n\n\n<figure class=\"wp-block-image size-large has-custom-border\"><img loading=\"lazy\" decoding=\"async\" width=\"1024\" height=\"768\" src=\"https:\/\/gshemmingen-westerfeld.de\/wp-content\/uploads\/2025\/07\/IMG_7732-1024x768.jpg\" alt=\"\" class=\"wp-image-1903\" style=\"border-radius:25px\" srcset=\"https:\/\/gshemmingen-westerfeld.de\/wp-content\/uploads\/2025\/07\/IMG_7732-1024x768.jpg 1024w, https:\/\/gshemmingen-westerfeld.de\/wp-content\/uploads\/2025\/07\/IMG_7732-300x225.jpg 300w, https:\/\/gshemmingen-westerfeld.de\/wp-content\/uploads\/2025\/07\/IMG_7732-768x576.jpg 768w, https:\/\/gshemmingen-westerfeld.de\/wp-content\/uploads\/2025\/07\/IMG_7732-1536x1152.jpg 1536w, https:\/\/gshemmingen-westerfeld.de\/wp-content\/uploads\/2025\/07\/IMG_7732.jpg 2016w\" sizes=\"auto, (max-width: 1024px) 100vw, 1024px\" \/><\/figure>\n\n\n\n<p class=\"has-text-align-left\">Die Bundesjugendspiele wurden dieses Jahr wieder als Wettbewerb durchgef\u00fchrt. Alle Klassen mussten sich im Zonen-Weitsprung und -Schlagballwurf, im Hindernissprint und im Ausdauerlauf beweisen. Am Ende traten die Klassen noch im Klassenstaffellauf gegeneinander an. Auch der Schultanz hat nicht gefehlt. <br>Vielen Dank noch mal an alle Eltern, die uns an diesem Vormittag so tatkr\u00e4ftig unterst\u00fctzt haben, sowie an die Sch\u00fclerinnen der KGS.<\/p>\n\n\n\n<p><\/p>\n\n\n\n<h2 class=\"wp-block-heading\">Sommerfest 2025<\/h2>\n\n\n\n<figure class=\"wp-block-image size-large has-custom-border\"><img loading=\"lazy\" decoding=\"async\" width=\"768\" height=\"1024\" src=\"https:\/\/gshemmingen-westerfeld.de\/wp-content\/uploads\/2025\/07\/IMG_7341-768x1024.jpg\" alt=\"\" class=\"wp-image-1906\" style=\"border-radius:25px\" srcset=\"https:\/\/gshemmingen-westerfeld.de\/wp-content\/uploads\/2025\/07\/IMG_7341-768x1024.jpg 768w, https:\/\/gshemmingen-westerfeld.de\/wp-content\/uploads\/2025\/07\/IMG_7341-225x300.jpg 225w, https:\/\/gshemmingen-westerfeld.de\/wp-content\/uploads\/2025\/07\/IMG_7341-1152x1536.jpg 1152w, https:\/\/gshemmingen-westerfeld.de\/wp-content\/uploads\/2025\/07\/IMG_7341-rotated.jpg 1512w\" sizes=\"auto, (max-width: 768px) 100vw, 768px\" \/><\/figure>\n\n\n\n<p>Ende Mai 2025 fand das vom F\u00f6rderverein und Schulelternrat organisierte Sommerfest der GS Hemmingen-Westerfeld statt. Das Programm war vielf\u00e4ltig: Die Kinder konnten sich an Spielstationen und auf der H\u00fcpfburg austoben, es gab eine Tombola mit tollen Gewinnen, die Zirkus-AG begeisterte die Zuschauer mit einer Vorstellung, in der Aula wurden einige Essensst\u00e4nde angeboten, ein Feuerwehrfahrzeug konnte besichtigt werden und der Musikzug Devese pr\u00e4sentierte ein paar Lieder. Die Sch\u00fclerInnen \u00fcberraschten mitten am Nachmittag mit einem gemeinsamen Flash-Mob des Schultanzes. Insgesamt ein gelungenes Fest bei tollem Wetter.<\/p>\n\n\n\n<h2 class=\"wp-block-heading\">Mitmachkonzert der Musikschule Hemmingen<\/h2>\n\n\n\n<figure class=\"wp-block-image size-large has-custom-border\"><img loading=\"lazy\" decoding=\"async\" width=\"1024\" height=\"768\" src=\"https:\/\/gshemmingen-westerfeld.de\/wp-content\/uploads\/2025\/05\/f82e80aa-3cf7-4d01-ae3f-96c5c8a22c06-1024x768.jpeg\" alt=\"\" class=\"wp-image-1843\" style=\"border-radius:25px\" srcset=\"https:\/\/gshemmingen-westerfeld.de\/wp-content\/uploads\/2025\/05\/f82e80aa-3cf7-4d01-ae3f-96c5c8a22c06-1024x768.jpeg 1024w, https:\/\/gshemmingen-westerfeld.de\/wp-content\/uploads\/2025\/05\/f82e80aa-3cf7-4d01-ae3f-96c5c8a22c06-300x225.jpeg 300w, https:\/\/gshemmingen-westerfeld.de\/wp-content\/uploads\/2025\/05\/f82e80aa-3cf7-4d01-ae3f-96c5c8a22c06-768x576.jpeg 768w, https:\/\/gshemmingen-westerfeld.de\/wp-content\/uploads\/2025\/05\/f82e80aa-3cf7-4d01-ae3f-96c5c8a22c06-1536x1151.jpeg 1536w, https:\/\/gshemmingen-westerfeld.de\/wp-content\/uploads\/2025\/05\/f82e80aa-3cf7-4d01-ae3f-96c5c8a22c06-2048x1535.jpeg 2048w\" sizes=\"auto, (max-width: 1024px) 100vw, 1024px\" \/><\/figure>\n\n\n\n<p>Diese Woche konnten alle Klassen ein bisschen Musik genie\u00dfen. Denn die Musikschullehrerinnen Avid und Katharina spielten den Sch\u00fclerInnen ein St\u00fcck auf Klavier und Querfl\u00f6te vor und animierten sie zum Mitsingen und Mitbewegen. Anschlie\u00dfend erkl\u00e4rten sie den Sch\u00fclerInnen die Instrumente Fl\u00fcgel und Querfl\u00f6te genauer. Am Ende durfte jedes Kind versuchen, auf einem Mundst\u00fcck einen Ton heraus zu bekommen. <\/p>\n\n\n\n<h2 class=\"wp-block-heading\">Rollerfit-Mobil<\/h2>\n\n\n\n<figure class=\"wp-block-gallery has-nested-images columns-default is-cropped wp-block-gallery-5 is-layout-flex wp-block-gallery-is-layout-flex\">\n<figure class=\"wp-block-image size-full has-custom-border is-style-default\"><img loading=\"lazy\" decoding=\"async\" width=\"320\" height=\"240\" data-id=\"1833\" src=\"https:\/\/gshemmingen-westerfeld.de\/wp-content\/uploads\/2025\/03\/IMG_5768.jpeg\" alt=\"\" class=\"wp-image-1833\" style=\"border-radius:25px\" srcset=\"https:\/\/gshemmingen-westerfeld.de\/wp-content\/uploads\/2025\/03\/IMG_5768.jpeg 320w, https:\/\/gshemmingen-westerfeld.de\/wp-content\/uploads\/2025\/03\/IMG_5768-300x225.jpeg 300w\" sizes=\"auto, (max-width: 320px) 100vw, 320px\" \/><\/figure>\n\n\n\n<figure class=\"wp-block-image size-full has-custom-border\"><img loading=\"lazy\" decoding=\"async\" width=\"240\" height=\"320\" data-id=\"1834\" src=\"https:\/\/gshemmingen-westerfeld.de\/wp-content\/uploads\/2025\/03\/IMG_5773.jpeg\" alt=\"\" class=\"wp-image-1834\" style=\"border-radius:25px\" srcset=\"https:\/\/gshemmingen-westerfeld.de\/wp-content\/uploads\/2025\/03\/IMG_5773.jpeg 240w, https:\/\/gshemmingen-westerfeld.de\/wp-content\/uploads\/2025\/03\/IMG_5773-225x300.jpeg 225w\" sizes=\"auto, (max-width: 240px) 100vw, 240px\" \/><\/figure>\n<\/figure>\n\n\n\n<p>Das Rollerfit-Mobil ist an unserer Schule. Der Anh\u00e4nger mit diversen Rollern, Schutzausr\u00fcstungen und \u00dcbungsmaterialien darf drei Wochen lang von unseren Sch\u00fclerInnen genutzt werden. Die Kinder probieren verschiede Roller aus, lernen Brems- und Kurventechniken kennen, f\u00fchren Geschicklichkeits- und Partner\u00fcbungen durch und \u00fcben ein paar Tricks mit den Rollern. <\/p>\n\n\n\n<h2 class=\"wp-block-heading\"><br>Fasching 2025<\/h2>\n\n\n\n<p>Am 28. Februar war es wieder soweit: Die GS Hemmingen-Westerfeld feiert Fasching.  <br>Highlight des Tages war wieder die Polon\u00e4se zur Aula mit der anschlie\u00dfenden Modenshow und dem gemeinsamen Tanz. <\/p>\n\n\n\n<figure class=\"wp-block-image size-full has-custom-border\"><img decoding=\"async\" src=\"https:\/\/gshemmingen-westerfeld.de\/wp-content\/uploads\/2025\/03\/IMG_5514.heic\" alt=\"\" class=\"wp-image-1823\" style=\"border-radius:20px\"\/><\/figure>\n\n\n\n<p>Frau Smollich stimmte die Sch\u00fcler zu \u201eJetzt geht\u2019s los\u201c auf die Faschingsparty ein. Danach folgte die legend\u00e4re Modenshow, wobei Frau Fr\u00f6hnel-Axthelm mit ihrem lustigen Auftritt als Clown den meisten Beifall erhielt. <\/p>\n\n\n\n<figure class=\"wp-block-image size-large has-custom-border\"><img loading=\"lazy\" decoding=\"async\" width=\"1024\" height=\"768\" src=\"https:\/\/gshemmingen-westerfeld.de\/wp-content\/uploads\/2025\/03\/image0-1024x768.jpeg\" alt=\"\" class=\"wp-image-1824\" style=\"border-radius:20px\" srcset=\"https:\/\/gshemmingen-westerfeld.de\/wp-content\/uploads\/2025\/03\/image0-1024x768.jpeg 1024w, https:\/\/gshemmingen-westerfeld.de\/wp-content\/uploads\/2025\/03\/image0-300x225.jpeg 300w, https:\/\/gshemmingen-westerfeld.de\/wp-content\/uploads\/2025\/03\/image0-768x576.jpeg 768w, https:\/\/gshemmingen-westerfeld.de\/wp-content\/uploads\/2025\/03\/image0-1536x1152.jpeg 1536w, https:\/\/gshemmingen-westerfeld.de\/wp-content\/uploads\/2025\/03\/image0-2048x1536.jpeg 2048w\" sizes=\"auto, (max-width: 1024px) 100vw, 1024px\" \/><\/figure>\n\n\n\n<p>Im Anschluss tanzten alle zu \u201eMacarena\u201c und \u201eSo ein sch\u00f6ner Tag\u201c. Zuletzt leitete unsere Bufdine Joules den Schultanz \u201eMadre Tierra\u201c an. <br><\/p>\n\n\n\n<h1 class=\"wp-block-heading has-text-align-left\"><br>Tischtennis-Schnuppertag<\/h1>\n\n\n\n<p>Zwei Tischtennisspieler vom SC Hemmingen-Westerfeld erm\u00f6glichten unseren 4. Klassen im Dezember einen ganzen Vormittag Tischtennis zu spielen. Sie bauten ihre Tischtennisplatten auf und erkl\u00e4rten den Kindern die Tischtennisregeln. Es wurde viel Rundlauf gespielt.<br>Die Stimmung war super und alle haben viel dazu gelernt.<br>Im Januar spielen die 4.Klassen ein Rundlauf-Turnier bei uns in der Halle.<\/p>\n\n\n\n<p>Vielen Dank an die Tischtennissparte des SC Hemmingen Westerfeld<\/p>\n\n\n\n<figure class=\"wp-block-image size-large has-custom-border is-style-rounded\"><img loading=\"lazy\" decoding=\"async\" width=\"1024\" height=\"768\" src=\"https:\/\/gshemmingen-westerfeld.de\/wp-content\/uploads\/2024\/12\/1460a4f8-8b28-47c5-a7f5-5523e022402c-1024x768.jpeg\" alt=\"\" class=\"wp-image-1766\" style=\"border-radius:20px\" srcset=\"https:\/\/gshemmingen-westerfeld.de\/wp-content\/uploads\/2024\/12\/1460a4f8-8b28-47c5-a7f5-5523e022402c-1024x768.jpeg 1024w, https:\/\/gshemmingen-westerfeld.de\/wp-content\/uploads\/2024\/12\/1460a4f8-8b28-47c5-a7f5-5523e022402c-300x225.jpeg 300w, https:\/\/gshemmingen-westerfeld.de\/wp-content\/uploads\/2024\/12\/1460a4f8-8b28-47c5-a7f5-5523e022402c-768x576.jpeg 768w, https:\/\/gshemmingen-westerfeld.de\/wp-content\/uploads\/2024\/12\/1460a4f8-8b28-47c5-a7f5-5523e022402c-1536x1152.jpeg 1536w, https:\/\/gshemmingen-westerfeld.de\/wp-content\/uploads\/2024\/12\/1460a4f8-8b28-47c5-a7f5-5523e022402c-2048x1536.jpeg 2048w\" sizes=\"auto, (max-width: 1024px) 100vw, 1024px\" \/><\/figure>\n\n\n\n<h1 class=\"wp-block-heading has-text-align-left\"><br>Theaterauff\u00fchrung von Lilly &amp; Claudius<\/h1>\n\n\n\n<p>Am Mittwoch, den 20. November 2024 gastierten Lilly und Claudius mit einem mitrei\u00dfenden, spannenden und lustigen Theaterst\u00fcck an der GS Hemmingen-Westerfeld. Die beiden Schauspieler vermittelten den Kindern auf sehr unterhaltsame und interaktive Weise interessantes Wissen zum Thema Energie. Dabei wurde kr\u00e4ftig mitgemacht, mitgelacht und mitgedacht. Da es zwei aufeinander folgende Auff\u00fchrungen gab, kamen alle Kinder der Jahrgangsstufen 1-4 an diesem Tag in den Genuss der besonderen Auff\u00fchrung und belohnten die K\u00fcnstler mit tosendem Applaus. <br>Es war ein tolles Erlebnis f\u00fcr Gro\u00df und Klein, f\u00fcr das wir uns herzlich bedanken!<\/p>\n\n\n\n<figure class=\"wp-block-image size-large has-custom-border is-style-rounded\"><img loading=\"lazy\" decoding=\"async\" width=\"1024\" height=\"768\" src=\"https:\/\/gshemmingen-westerfeld.de\/wp-content\/uploads\/2024\/12\/0904fef5-620b-4d12-bbb0-2017d337db17-1024x768.jpeg\" alt=\"\" class=\"wp-image-1763\" style=\"border-radius:20px\" srcset=\"https:\/\/gshemmingen-westerfeld.de\/wp-content\/uploads\/2024\/12\/0904fef5-620b-4d12-bbb0-2017d337db17-1024x768.jpeg 1024w, https:\/\/gshemmingen-westerfeld.de\/wp-content\/uploads\/2024\/12\/0904fef5-620b-4d12-bbb0-2017d337db17-300x225.jpeg 300w, https:\/\/gshemmingen-westerfeld.de\/wp-content\/uploads\/2024\/12\/0904fef5-620b-4d12-bbb0-2017d337db17-768x576.jpeg 768w, https:\/\/gshemmingen-westerfeld.de\/wp-content\/uploads\/2024\/12\/0904fef5-620b-4d12-bbb0-2017d337db17-1536x1152.jpeg 1536w, https:\/\/gshemmingen-westerfeld.de\/wp-content\/uploads\/2024\/12\/0904fef5-620b-4d12-bbb0-2017d337db17.jpeg 2000w\" sizes=\"auto, (max-width: 1024px) 100vw, 1024px\" \/><\/figure>\n\n\n\n<p><\/p>\n\n\n\n<h2 class=\"wp-block-heading\">1. Platz beim Fu\u00dfballturnier<\/h2>\n\n\n\n<p><\/p>\n\n\n\n<figure class=\"wp-block-image size-large has-custom-border\"><img loading=\"lazy\" decoding=\"async\" width=\"1024\" height=\"771\" src=\"https:\/\/gshemmingen-westerfeld.de\/wp-content\/uploads\/2024\/11\/a505e8fc-11d8-469c-acec-79e5f33bcaa2-1-1024x771.jpeg\" alt=\"\" class=\"wp-image-1751\" style=\"border-radius:25px\" srcset=\"https:\/\/gshemmingen-westerfeld.de\/wp-content\/uploads\/2024\/11\/a505e8fc-11d8-469c-acec-79e5f33bcaa2-1-1024x771.jpeg 1024w, https:\/\/gshemmingen-westerfeld.de\/wp-content\/uploads\/2024\/11\/a505e8fc-11d8-469c-acec-79e5f33bcaa2-1-300x226.jpeg 300w, https:\/\/gshemmingen-westerfeld.de\/wp-content\/uploads\/2024\/11\/a505e8fc-11d8-469c-acec-79e5f33bcaa2-1-768x578.jpeg 768w, https:\/\/gshemmingen-westerfeld.de\/wp-content\/uploads\/2024\/11\/a505e8fc-11d8-469c-acec-79e5f33bcaa2-1-1536x1157.jpeg 1536w, https:\/\/gshemmingen-westerfeld.de\/wp-content\/uploads\/2024\/11\/a505e8fc-11d8-469c-acec-79e5f33bcaa2-1-2048x1542.jpeg 2048w\" sizes=\"auto, (max-width: 1024px) 100vw, 1024px\" \/><\/figure>\n\n\n\n<p>Am Freitag, den 22. November nahm ein Team unserer Viertkl\u00e4ssler mit Frau Raatz an den Kreismeisterschaften der Grundschulen im Fu\u00dfball in Empelde teil. Von sechs Spielen konnten f\u00fcnf gewonnen werden und eins endete unentschieden. Somit wurde die GS Hemmingen-Westerfeld Erster und spielt nun in der Endrunde um die Kreismeisterschaft im Dezember mit. <\/p>\n\n\n\n<h1 class=\"wp-block-heading has-text-align-left\"><br>Sponsorenlauf<\/h1>\n\n\n\n<figure class=\"wp-block-image size-large is-resized has-custom-border is-style-rounded\"><img loading=\"lazy\" decoding=\"async\" width=\"1024\" height=\"771\" src=\"https:\/\/gshemmingen-westerfeld.de\/wp-content\/uploads\/2024\/11\/a505e8fc-11d8-469c-acec-79e5f33bcaa2-1024x771.jpeg\" alt=\"\" class=\"wp-image-1749\" style=\"border-radius:25px;height:0px\" srcset=\"https:\/\/gshemmingen-westerfeld.de\/wp-content\/uploads\/2024\/11\/a505e8fc-11d8-469c-acec-79e5f33bcaa2-1024x771.jpeg 1024w, https:\/\/gshemmingen-westerfeld.de\/wp-content\/uploads\/2024\/11\/a505e8fc-11d8-469c-acec-79e5f33bcaa2-300x226.jpeg 300w, https:\/\/gshemmingen-westerfeld.de\/wp-content\/uploads\/2024\/11\/a505e8fc-11d8-469c-acec-79e5f33bcaa2-768x578.jpeg 768w, https:\/\/gshemmingen-westerfeld.de\/wp-content\/uploads\/2024\/11\/a505e8fc-11d8-469c-acec-79e5f33bcaa2-1536x1157.jpeg 1536w, https:\/\/gshemmingen-westerfeld.de\/wp-content\/uploads\/2024\/11\/a505e8fc-11d8-469c-acec-79e5f33bcaa2-2048x1542.jpeg 2048w\" sizes=\"auto, (max-width: 1024px) 100vw, 1024px\" \/><\/figure>\n\n\n\n<figure class=\"wp-block-image size-large has-custom-border\"><img loading=\"lazy\" decoding=\"async\" width=\"1024\" height=\"771\" src=\"https:\/\/gshemmingen-westerfeld.de\/wp-content\/uploads\/2024\/09\/c35b1131-c7f4-47b3-9333-83b9f391d9dd-1024x771.jpeg\" alt=\"\" class=\"wp-image-1706\" style=\"border-radius:20px\" srcset=\"https:\/\/gshemmingen-westerfeld.de\/wp-content\/uploads\/2024\/09\/c35b1131-c7f4-47b3-9333-83b9f391d9dd-1024x771.jpeg 1024w, https:\/\/gshemmingen-westerfeld.de\/wp-content\/uploads\/2024\/09\/c35b1131-c7f4-47b3-9333-83b9f391d9dd-300x226.jpeg 300w, https:\/\/gshemmingen-westerfeld.de\/wp-content\/uploads\/2024\/09\/c35b1131-c7f4-47b3-9333-83b9f391d9dd-768x578.jpeg 768w, https:\/\/gshemmingen-westerfeld.de\/wp-content\/uploads\/2024\/09\/c35b1131-c7f4-47b3-9333-83b9f391d9dd-1536x1156.jpeg 1536w, https:\/\/gshemmingen-westerfeld.de\/wp-content\/uploads\/2024\/09\/c35b1131-c7f4-47b3-9333-83b9f391d9dd.jpeg 1600w\" sizes=\"auto, (max-width: 1024px) 100vw, 1024px\" \/><\/figure>\n\n\n\n<p>Am 20. September fand der Sponsorenlauf der GS Hemmingen-Westerfeld statt. Bei super Sonnenwetter liefen die Grundsch\u00fclerInnen und einige Geschwisterkinder sowie unser B\u00fcrgermeister Jan Dingeldey eine Stunde lang durch das Wohngebiet an der Schule, um Spenden zu sammeln. Das Geld kommt ausschlie\u00dflich den Kindern zu Gute und kann f\u00fcr Schulaktionen, Ausfl\u00fcge, Materialien und Vieles mehr verwendet werden. Nach dem Lauf konnten sich die Kinder am reichhaltigen Buffet bedienen und sich beim F\u00f6rderverein eine Urkunde abholen. Vielen Dank an alle helfenden Eltern, den B\u00fcrgermeister und den F\u00f6rderverein. Das war eine tolle Aktion! <\/p>\n\n\n\n<figure class=\"wp-block-gallery has-nested-images columns-default is-cropped wp-block-gallery-6 is-layout-flex wp-block-gallery-is-layout-flex\">\n<figure class=\"wp-block-image size-large has-custom-border\"><img loading=\"lazy\" decoding=\"async\" width=\"768\" height=\"1024\" data-id=\"1709\" src=\"https:\/\/gshemmingen-westerfeld.de\/wp-content\/uploads\/2024\/09\/IMG_1321-768x1024.jpeg\" alt=\"\" class=\"wp-image-1709\" style=\"border-radius:20px\" srcset=\"https:\/\/gshemmingen-westerfeld.de\/wp-content\/uploads\/2024\/09\/IMG_1321-768x1024.jpeg 768w, https:\/\/gshemmingen-westerfeld.de\/wp-content\/uploads\/2024\/09\/IMG_1321-225x300.jpeg 225w, https:\/\/gshemmingen-westerfeld.de\/wp-content\/uploads\/2024\/09\/IMG_1321-1152x1536.jpeg 1152w, https:\/\/gshemmingen-westerfeld.de\/wp-content\/uploads\/2024\/09\/IMG_1321-1536x2048.jpeg 1536w, https:\/\/gshemmingen-westerfeld.de\/wp-content\/uploads\/2024\/09\/IMG_1321-scaled.jpeg 1920w\" sizes=\"auto, (max-width: 768px) 100vw, 768px\" \/><\/figure>\n\n\n\n<figure class=\"wp-block-image size-large has-custom-border\"><img loading=\"lazy\" decoding=\"async\" width=\"768\" height=\"1024\" data-id=\"1710\" src=\"https:\/\/gshemmingen-westerfeld.de\/wp-content\/uploads\/2024\/09\/IMG_1323-768x1024.jpeg\" alt=\"\" class=\"wp-image-1710\" style=\"border-radius:20px\" srcset=\"https:\/\/gshemmingen-westerfeld.de\/wp-content\/uploads\/2024\/09\/IMG_1323-768x1024.jpeg 768w, https:\/\/gshemmingen-westerfeld.de\/wp-content\/uploads\/2024\/09\/IMG_1323-225x300.jpeg 225w, https:\/\/gshemmingen-westerfeld.de\/wp-content\/uploads\/2024\/09\/IMG_1323-1152x1536.jpeg 1152w, https:\/\/gshemmingen-westerfeld.de\/wp-content\/uploads\/2024\/09\/IMG_1323-1536x2048.jpeg 1536w, https:\/\/gshemmingen-westerfeld.de\/wp-content\/uploads\/2024\/09\/IMG_1323-scaled.jpeg 1920w\" sizes=\"auto, (max-width: 768px) 100vw, 768px\" \/><\/figure>\n<\/figure>\n\n\n\n<h1 class=\"wp-block-heading has-text-align-left\"><br>Murmiland<\/h1>\n\n\n\n<p>Im September ist das Murmiland zu Gast bei uns in der Grundschule. Ortwin Gr\u00fcttner begeistert die Kinder mit seinen aus Holz selbst gebauten Murmelbahnen. Auch einige umliegende Kinderg\u00e4rten durften die Bahnen ausprobieren und schon ein bisschen Schulluft schnuppern. <br><\/p>\n\n\n\n<figure class=\"wp-block-image size-large has-custom-border is-style-default\"><img loading=\"lazy\" decoding=\"async\" width=\"768\" height=\"1024\" src=\"https:\/\/gshemmingen-westerfeld.de\/wp-content\/uploads\/2024\/09\/IMG_1255-768x1024.jpeg\" alt=\"\" class=\"wp-image-1702\" style=\"border-style:none;border-width:0px;border-radius:21px\" srcset=\"https:\/\/gshemmingen-westerfeld.de\/wp-content\/uploads\/2024\/09\/IMG_1255-768x1024.jpeg 768w, https:\/\/gshemmingen-westerfeld.de\/wp-content\/uploads\/2024\/09\/IMG_1255-225x300.jpeg 225w, https:\/\/gshemmingen-westerfeld.de\/wp-content\/uploads\/2024\/09\/IMG_1255-1152x1536.jpeg 1152w, https:\/\/gshemmingen-westerfeld.de\/wp-content\/uploads\/2024\/09\/IMG_1255-1536x2048.jpeg 1536w, https:\/\/gshemmingen-westerfeld.de\/wp-content\/uploads\/2024\/09\/IMG_1255-scaled.jpeg 1920w\" sizes=\"auto, (max-width: 768px) 100vw, 768px\" \/><\/figure>\n\n\n\n<h2 class=\"wp-block-heading\"><br>Eiswagen <\/h2>\n\n\n\n<p>Drei Tage vor den Ferien gibt es eine gro\u00dfe \u00dcberraschung f\u00fcr alle Sch\u00fclerInnen: Der Eiswagen ist da! Jeder darf sich zwei leckere Kugeln Eis aussuchen und genie\u00dfen. Vielen Dank an den F\u00f6rderverein, der dies m\u00f6glich gemacht hat. <\/p>\n\n\n\n<figure class=\"wp-block-image size-large has-custom-border\"><img loading=\"lazy\" decoding=\"async\" width=\"1024\" height=\"768\" src=\"https:\/\/gshemmingen-westerfeld.de\/wp-content\/uploads\/2024\/06\/IMG_8864-1024x768.jpeg\" alt=\"\" class=\"wp-image-1644\" style=\"border-radius:25px\" srcset=\"https:\/\/gshemmingen-westerfeld.de\/wp-content\/uploads\/2024\/06\/IMG_8864-1024x768.jpeg 1024w, https:\/\/gshemmingen-westerfeld.de\/wp-content\/uploads\/2024\/06\/IMG_8864-300x225.jpeg 300w, https:\/\/gshemmingen-westerfeld.de\/wp-content\/uploads\/2024\/06\/IMG_8864-768x576.jpeg 768w, https:\/\/gshemmingen-westerfeld.de\/wp-content\/uploads\/2024\/06\/IMG_8864-1536x1151.jpeg 1536w, https:\/\/gshemmingen-westerfeld.de\/wp-content\/uploads\/2024\/06\/IMG_8864-2048x1535.jpeg 2048w\" sizes=\"auto, (max-width: 1024px) 100vw, 1024px\" \/><\/figure>\n\n\n\n<h2 class=\"wp-block-heading\"><br>Sportfest<\/h2>\n\n\n\n<p>Am 12. Juni hat sich die gesamte Grundschule auf dem Sportplatz Hohe B\u00fcnte versammelt, um sich sportlich ein wenig zu messen. <br>Nach der Erw\u00e4rmung zum \u201eSportinator\u201c ging es auf die Laufbahn. Die 3. und 4. Klassen sollten auf der 400m-Bahn in 30 Minuten m\u00f6glichst viele Runden schaffen, die 1. und 2. Klassen auf der 200m-Strecke in 20 Minuten. Tats\u00e4chlich sind unsere besten Sportler mehr als 6km in 30 Minuten gelaufen &#8211; so viel wie eine Maschseerunde! Spitze! <br>Zum Schluss traten alle Klassen noch im gewohnten Staffellauf gegeneinander an. Insgesamt war das ein gelungener sportlicher Vormittag. <br><\/p>\n\n\n\n<figure class=\"wp-block-gallery has-nested-images columns-default is-cropped wp-block-gallery-7 is-layout-flex wp-block-gallery-is-layout-flex\">\n<figure class=\"wp-block-image size-large has-custom-border\"><img loading=\"lazy\" decoding=\"async\" width=\"1024\" height=\"768\" data-id=\"1637\" src=\"https:\/\/gshemmingen-westerfeld.de\/wp-content\/uploads\/2024\/06\/IMG_8639-1024x768.jpeg\" alt=\"\" class=\"wp-image-1637\" style=\"border-radius:25px\" srcset=\"https:\/\/gshemmingen-westerfeld.de\/wp-content\/uploads\/2024\/06\/IMG_8639-1024x768.jpeg 1024w, https:\/\/gshemmingen-westerfeld.de\/wp-content\/uploads\/2024\/06\/IMG_8639-300x225.jpeg 300w, https:\/\/gshemmingen-westerfeld.de\/wp-content\/uploads\/2024\/06\/IMG_8639-768x576.jpeg 768w, https:\/\/gshemmingen-westerfeld.de\/wp-content\/uploads\/2024\/06\/IMG_8639-1536x1152.jpeg 1536w, https:\/\/gshemmingen-westerfeld.de\/wp-content\/uploads\/2024\/06\/IMG_8639-2048x1536.jpeg 2048w\" sizes=\"auto, (max-width: 1024px) 100vw, 1024px\" \/><\/figure>\n\n\n\n<figure class=\"wp-block-image size-large has-custom-border\"><img loading=\"lazy\" decoding=\"async\" width=\"1024\" height=\"768\" data-id=\"1635\" src=\"https:\/\/gshemmingen-westerfeld.de\/wp-content\/uploads\/2024\/06\/IMG_5250-1024x768.jpeg\" alt=\"\" class=\"wp-image-1635\" style=\"border-radius:25px\" srcset=\"https:\/\/gshemmingen-westerfeld.de\/wp-content\/uploads\/2024\/06\/IMG_5250-1024x768.jpeg 1024w, https:\/\/gshemmingen-westerfeld.de\/wp-content\/uploads\/2024\/06\/IMG_5250-300x225.jpeg 300w, https:\/\/gshemmingen-westerfeld.de\/wp-content\/uploads\/2024\/06\/IMG_5250-768x576.jpeg 768w, https:\/\/gshemmingen-westerfeld.de\/wp-content\/uploads\/2024\/06\/IMG_5250-1536x1152.jpeg 1536w, https:\/\/gshemmingen-westerfeld.de\/wp-content\/uploads\/2024\/06\/IMG_5250-2048x1536.jpeg 2048w\" sizes=\"auto, (max-width: 1024px) 100vw, 1024px\" \/><\/figure>\n\n\n\n<figure class=\"wp-block-image size-large has-custom-border\"><img loading=\"lazy\" decoding=\"async\" width=\"1024\" height=\"768\" data-id=\"1636\" src=\"https:\/\/gshemmingen-westerfeld.de\/wp-content\/uploads\/2024\/06\/IMG_8671-1024x768.jpeg\" alt=\"\" class=\"wp-image-1636\" style=\"border-radius:25px\" srcset=\"https:\/\/gshemmingen-westerfeld.de\/wp-content\/uploads\/2024\/06\/IMG_8671-1024x768.jpeg 1024w, https:\/\/gshemmingen-westerfeld.de\/wp-content\/uploads\/2024\/06\/IMG_8671-300x225.jpeg 300w, https:\/\/gshemmingen-westerfeld.de\/wp-content\/uploads\/2024\/06\/IMG_8671-768x576.jpeg 768w, https:\/\/gshemmingen-westerfeld.de\/wp-content\/uploads\/2024\/06\/IMG_8671-1536x1152.jpeg 1536w, https:\/\/gshemmingen-westerfeld.de\/wp-content\/uploads\/2024\/06\/IMG_8671-2048x1536.jpeg 2048w\" sizes=\"auto, (max-width: 1024px) 100vw, 1024px\" \/><\/figure>\n<\/figure>\n\n\n\n<h2 class=\"wp-block-heading\">Laufabzeichen <\/h2>\n\n\n\n<p>Total motiviert haben sich am 5. Juni fast alle Erst- und Zweitkl\u00e4ssler unserer Schule im Wald getroffen, um dort ein paar Runden f\u00fcr das Laufabzeichen zu joggen. Wer die 15 Minuten Laufen ohne zu gehen geschafft hat, hat daf\u00fcr das Laufabzeichen des DLR erhalten. Da haben sich wirklich viele Kinder enorm angestrengt und es am Ende geschafft. Ein toller Erfolg! <\/p>\n\n\n\n<figure class=\"wp-block-image size-large is-resized has-custom-border\"><img loading=\"lazy\" decoding=\"async\" width=\"768\" height=\"1024\" src=\"https:\/\/gshemmingen-westerfeld.de\/wp-content\/uploads\/2024\/06\/IMG_8500-768x1024.jpeg\" alt=\"\" class=\"wp-image-1633\" style=\"border-radius:26px;aspect-ratio:0.75;width:359px;height:auto\" srcset=\"https:\/\/gshemmingen-westerfeld.de\/wp-content\/uploads\/2024\/06\/IMG_8500-768x1024.jpeg 768w, https:\/\/gshemmingen-westerfeld.de\/wp-content\/uploads\/2024\/06\/IMG_8500-225x300.jpeg 225w, https:\/\/gshemmingen-westerfeld.de\/wp-content\/uploads\/2024\/06\/IMG_8500-1152x1536.jpeg 1152w, https:\/\/gshemmingen-westerfeld.de\/wp-content\/uploads\/2024\/06\/IMG_8500-1536x2048.jpeg 1536w, https:\/\/gshemmingen-westerfeld.de\/wp-content\/uploads\/2024\/06\/IMG_8500-scaled.jpeg 1920w\" sizes=\"auto, (max-width: 768px) 100vw, 768px\" \/><\/figure>\n\n\n\n<h2 class=\"wp-block-heading\"><br>Projektwoche<\/h2>\n\n\n\n<p>Gleich nach den Osterferien fand unsere Projektwoche in allen Klassen statt. <\/p>\n\n\n\n<p>Der erste Jahrgang gestaltete seine Projektwoche zum Thema Zoo. Die Klassen haben ein Zoomodell gebaut, Plakate zu Zootieren erstellt und einen Ausflug in den Zoo Hannover gemacht. <\/p>\n\n\n\n<figure class=\"wp-block-gallery has-nested-images columns-default is-cropped wp-block-gallery-8 is-layout-flex wp-block-gallery-is-layout-flex\">\n<figure class=\"wp-block-image size-large has-custom-border\"><img loading=\"lazy\" decoding=\"async\" width=\"1024\" height=\"768\" data-id=\"1611\" src=\"https:\/\/gshemmingen-westerfeld.de\/wp-content\/uploads\/2024\/05\/IMG_7063-1024x768.jpeg\" alt=\"\" class=\"wp-image-1611\" style=\"border-radius:25px\" srcset=\"https:\/\/gshemmingen-westerfeld.de\/wp-content\/uploads\/2024\/05\/IMG_7063-1024x768.jpeg 1024w, https:\/\/gshemmingen-westerfeld.de\/wp-content\/uploads\/2024\/05\/IMG_7063-300x225.jpeg 300w, https:\/\/gshemmingen-westerfeld.de\/wp-content\/uploads\/2024\/05\/IMG_7063-768x576.jpeg 768w, https:\/\/gshemmingen-westerfeld.de\/wp-content\/uploads\/2024\/05\/IMG_7063-1536x1152.jpeg 1536w, https:\/\/gshemmingen-westerfeld.de\/wp-content\/uploads\/2024\/05\/IMG_7063-2048x1536.jpeg 2048w\" sizes=\"auto, (max-width: 1024px) 100vw, 1024px\" \/><\/figure>\n\n\n\n<figure class=\"wp-block-image size-large has-custom-border\"><img loading=\"lazy\" decoding=\"async\" width=\"1024\" height=\"768\" data-id=\"1615\" src=\"https:\/\/gshemmingen-westerfeld.de\/wp-content\/uploads\/2024\/05\/IMG_7104-1024x768.jpeg\" alt=\"\" class=\"wp-image-1615\" style=\"border-radius:25px\" srcset=\"https:\/\/gshemmingen-westerfeld.de\/wp-content\/uploads\/2024\/05\/IMG_7104-1024x768.jpeg 1024w, https:\/\/gshemmingen-westerfeld.de\/wp-content\/uploads\/2024\/05\/IMG_7104-300x225.jpeg 300w, https:\/\/gshemmingen-westerfeld.de\/wp-content\/uploads\/2024\/05\/IMG_7104-768x576.jpeg 768w, https:\/\/gshemmingen-westerfeld.de\/wp-content\/uploads\/2024\/05\/IMG_7104-1536x1152.jpeg 1536w, https:\/\/gshemmingen-westerfeld.de\/wp-content\/uploads\/2024\/05\/IMG_7104-2048x1536.jpeg 2048w\" sizes=\"auto, (max-width: 1024px) 100vw, 1024px\" \/><\/figure>\n<\/figure>\n\n\n\n<p>Der zweite Jahrgang arbeitete zum Thema Wald. Lore und Lennard aus der 2c haben dazu einen kurzen Bericht verfasst. <\/p>\n\n\n\n<figure class=\"wp-block-image size-large is-resized has-custom-border\"><img loading=\"lazy\" decoding=\"async\" width=\"1024\" height=\"723\" src=\"https:\/\/gshemmingen-westerfeld.de\/wp-content\/uploads\/2024\/05\/IMG_7985-1024x723.jpeg\" alt=\"\" class=\"wp-image-1603\" style=\"border-radius:25px;aspect-ratio:1.4163208852005533;width:355px;height:auto\" srcset=\"https:\/\/gshemmingen-westerfeld.de\/wp-content\/uploads\/2024\/05\/IMG_7985-1024x723.jpeg 1024w, https:\/\/gshemmingen-westerfeld.de\/wp-content\/uploads\/2024\/05\/IMG_7985-300x212.jpeg 300w, https:\/\/gshemmingen-westerfeld.de\/wp-content\/uploads\/2024\/05\/IMG_7985-768x542.jpeg 768w, https:\/\/gshemmingen-westerfeld.de\/wp-content\/uploads\/2024\/05\/IMG_7985-1536x1084.jpeg 1536w, https:\/\/gshemmingen-westerfeld.de\/wp-content\/uploads\/2024\/05\/IMG_7985-2048x1445.jpeg 2048w\" sizes=\"auto, (max-width: 1024px) 100vw, 1024px\" \/><\/figure>\n\n\n\n<p>Die 4. Klassen haben sich in den drei Projekttagen mit einem Musical besch\u00e4ftigt. <\/p>\n\n\n\n<div class=\"wp-block-media-text has-media-on-the-right is-stacked-on-mobile\" style=\"grid-template-columns:auto 15%\"><div class=\"wp-block-media-text__content\">\n<p>Es nennt sich \u201eL\u00f6wenmutig und tigerstark\u201c. Es besteht aus 5 Szenen und einem selbst ausgedachten Tanz. Das Musical handelt von einem L\u00f6wenkind namens Lana. Zusammen mit ihrer Freundin Tilli Tiger sucht sie ihren Mut. Wird sie ihn finden?&nbsp;<br>W\u00e4hrend der Projektwoche waren wir in 3 Gruppen aufgeteilt: eine Gruppe hat den Tanz vorbereitet, die zweite Gruppe hat sich um die Gestaltung des B\u00fchnenbildes gek\u00fcmmert und die dritte Gruppe waren die Schauspieler. Die Lieder haben wir morgens immer gemeinsam gesungen und ge\u00fcbt. Es hat allen sehr viel Spa\u00df gemacht.&nbsp;<br><br>(Geschrieben von: Leni von Marcard, Klasse 4c)<\/p>\n<\/div><figure class=\"wp-block-media-text__media\"><img loading=\"lazy\" decoding=\"async\" width=\"775\" height=\"1024\" src=\"https:\/\/gshemmingen-westerfeld.de\/wp-content\/uploads\/2024\/05\/b960d10f-a5b3-42bb-9397-e6978d93d92e-775x1024.jpeg\" alt=\"\" class=\"wp-image-1622 size-full\" srcset=\"https:\/\/gshemmingen-westerfeld.de\/wp-content\/uploads\/2024\/05\/b960d10f-a5b3-42bb-9397-e6978d93d92e-775x1024.jpeg 775w, https:\/\/gshemmingen-westerfeld.de\/wp-content\/uploads\/2024\/05\/b960d10f-a5b3-42bb-9397-e6978d93d92e-227x300.jpeg 227w, https:\/\/gshemmingen-westerfeld.de\/wp-content\/uploads\/2024\/05\/b960d10f-a5b3-42bb-9397-e6978d93d92e-768x1015.jpeg 768w, https:\/\/gshemmingen-westerfeld.de\/wp-content\/uploads\/2024\/05\/b960d10f-a5b3-42bb-9397-e6978d93d92e-1163x1536.jpeg 1163w, https:\/\/gshemmingen-westerfeld.de\/wp-content\/uploads\/2024\/05\/b960d10f-a5b3-42bb-9397-e6978d93d92e.jpeg 1550w\" sizes=\"auto, (max-width: 775px) 100vw, 775px\" \/><\/figure><\/div>\n\n\n\n<h3 class=\"wp-block-heading\"><br>Erfolg beim Fu\u00dfballturnier der Grundschulen<\/h3>\n\n\n\n<p>Am Montag, den 19. Februar, nahmen ein paar Viertkl\u00e4ssler-M\u00e4dchen mit Frau Raatz am Fu\u00dfballturnier der Grundschulen in Sehnde-Ilten Teil. Von f\u00fcnf Spielen konnten vier gewonnen werden, sodass wir als zweitplatzierte Grundschule in die Endrunde gekommen sind. Hier konnten wir als f\u00fcnftplatziertes Team abschlie\u00dfen. Die Grundschule Ilten wurde erster und f\u00e4hrt zum Bezirksturnier nach Hildesheim. <\/p>\n\n\n\n<figure class=\"wp-block-gallery has-nested-images columns-default is-cropped wp-block-gallery-9 is-layout-flex wp-block-gallery-is-layout-flex\">\n<figure class=\"wp-block-image size-large has-custom-border\"><img loading=\"lazy\" decoding=\"async\" width=\"1024\" height=\"768\" data-id=\"1504\" src=\"https:\/\/gshemmingen-westerfeld.de\/wp-content\/uploads\/2024\/02\/IMG_6156-1024x768.jpeg\" alt=\"\" class=\"wp-image-1504\" style=\"border-radius:25px\" srcset=\"https:\/\/gshemmingen-westerfeld.de\/wp-content\/uploads\/2024\/02\/IMG_6156-1024x768.jpeg 1024w, https:\/\/gshemmingen-westerfeld.de\/wp-content\/uploads\/2024\/02\/IMG_6156-300x225.jpeg 300w, https:\/\/gshemmingen-westerfeld.de\/wp-content\/uploads\/2024\/02\/IMG_6156-768x576.jpeg 768w, https:\/\/gshemmingen-westerfeld.de\/wp-content\/uploads\/2024\/02\/IMG_6156-1536x1152.jpeg 1536w, https:\/\/gshemmingen-westerfeld.de\/wp-content\/uploads\/2024\/02\/IMG_6156-2048x1536.jpeg 2048w\" sizes=\"auto, (max-width: 1024px) 100vw, 1024px\" \/><\/figure>\n\n\n\n<figure class=\"wp-block-image size-large has-custom-border\"><img loading=\"lazy\" decoding=\"async\" width=\"1024\" height=\"768\" data-id=\"1516\" src=\"https:\/\/gshemmingen-westerfeld.de\/wp-content\/uploads\/2024\/02\/IMG_6311-1024x768.jpeg\" alt=\"\" class=\"wp-image-1516\" style=\"border-radius:25px\" srcset=\"https:\/\/gshemmingen-westerfeld.de\/wp-content\/uploads\/2024\/02\/IMG_6311-1024x768.jpeg 1024w, https:\/\/gshemmingen-westerfeld.de\/wp-content\/uploads\/2024\/02\/IMG_6311-300x225.jpeg 300w, https:\/\/gshemmingen-westerfeld.de\/wp-content\/uploads\/2024\/02\/IMG_6311-768x576.jpeg 768w, https:\/\/gshemmingen-westerfeld.de\/wp-content\/uploads\/2024\/02\/IMG_6311-1536x1152.jpeg 1536w, https:\/\/gshemmingen-westerfeld.de\/wp-content\/uploads\/2024\/02\/IMG_6311-2048x1536.jpeg 2048w\" sizes=\"auto, (max-width: 1024px) 100vw, 1024px\" \/><\/figure>\n<\/figure>\n\n\n\n<h2 class=\"wp-block-heading\">Fasching 2024<\/h2>\n\n\n\n<p>Wie jedes Jahr fand am Freitag vor Rosenmontag unser Faschingsfest in der Schule statt. Alle Klassen feierten mit Fr\u00fchst\u00fccksbuffet, Spiel und Tanz. Nach der gro\u00dfen Pause ert\u00f6nte pl\u00f6tzlich \u201ePolonaise Blankenese\u201c \u00fcber die Lautsprecheranlage. Jede Klasse startete mit einer Polonaise von ihrem Klassenraum in die Aula, wo die gesamte Schule eine lange Reihe bildete.<\/p>\n\n\n\n<figure class=\"wp-block-gallery has-nested-images columns-default is-cropped wp-block-gallery-10 is-layout-flex wp-block-gallery-is-layout-flex\">\n<figure class=\"wp-block-image size-large has-custom-border\"><img loading=\"lazy\" decoding=\"async\" width=\"768\" height=\"1024\" data-id=\"1508\" src=\"https:\/\/gshemmingen-westerfeld.de\/wp-content\/uploads\/2024\/02\/IMG_6229-768x1024.jpeg\" alt=\"\" class=\"wp-image-1508\" style=\"border-radius:25px\" srcset=\"https:\/\/gshemmingen-westerfeld.de\/wp-content\/uploads\/2024\/02\/IMG_6229-768x1024.jpeg 768w, https:\/\/gshemmingen-westerfeld.de\/wp-content\/uploads\/2024\/02\/IMG_6229-225x300.jpeg 225w, https:\/\/gshemmingen-westerfeld.de\/wp-content\/uploads\/2024\/02\/IMG_6229-1152x1536.jpeg 1152w, https:\/\/gshemmingen-westerfeld.de\/wp-content\/uploads\/2024\/02\/IMG_6229.jpeg 1200w\" sizes=\"auto, (max-width: 768px) 100vw, 768px\" \/><\/figure>\n\n\n\n<figure class=\"wp-block-image size-large has-custom-border\"><img loading=\"lazy\" decoding=\"async\" width=\"1024\" height=\"768\" data-id=\"1509\" src=\"https:\/\/gshemmingen-westerfeld.de\/wp-content\/uploads\/2024\/02\/IMG_6231-1024x768.jpeg\" alt=\"\" class=\"wp-image-1509\" style=\"border-radius:25px\" srcset=\"https:\/\/gshemmingen-westerfeld.de\/wp-content\/uploads\/2024\/02\/IMG_6231-1024x768.jpeg 1024w, https:\/\/gshemmingen-westerfeld.de\/wp-content\/uploads\/2024\/02\/IMG_6231-300x225.jpeg 300w, https:\/\/gshemmingen-westerfeld.de\/wp-content\/uploads\/2024\/02\/IMG_6231-768x576.jpeg 768w, https:\/\/gshemmingen-westerfeld.de\/wp-content\/uploads\/2024\/02\/IMG_6231-1536x1152.jpeg 1536w, https:\/\/gshemmingen-westerfeld.de\/wp-content\/uploads\/2024\/02\/IMG_6231.jpeg 2048w\" sizes=\"auto, (max-width: 1024px) 100vw, 1024px\" \/><\/figure>\n<\/figure>\n\n\n\n<p> <br>Anschlie\u00dfend tanzten alle Sch\u00fcler und Lehrer gemeinsam zu Macarena und f\u00fchrten ihre Kost\u00fcme bei einer Modenschau mit Moderatorin Frau Smollich und Assistentin Frau Raatz vor. <br><\/p>\n\n\n\n<figure class=\"wp-block-image size-large has-custom-border\"><img loading=\"lazy\" decoding=\"async\" width=\"1024\" height=\"768\" src=\"https:\/\/gshemmingen-westerfeld.de\/wp-content\/uploads\/2024\/02\/IMG_6230-1024x768.jpeg\" alt=\"\" class=\"wp-image-1510\" style=\"border-radius:25px\" srcset=\"https:\/\/gshemmingen-westerfeld.de\/wp-content\/uploads\/2024\/02\/IMG_6230-1024x768.jpeg 1024w, https:\/\/gshemmingen-westerfeld.de\/wp-content\/uploads\/2024\/02\/IMG_6230-300x225.jpeg 300w, https:\/\/gshemmingen-westerfeld.de\/wp-content\/uploads\/2024\/02\/IMG_6230-768x576.jpeg 768w, https:\/\/gshemmingen-westerfeld.de\/wp-content\/uploads\/2024\/02\/IMG_6230-1536x1152.jpeg 1536w, https:\/\/gshemmingen-westerfeld.de\/wp-content\/uploads\/2024\/02\/IMG_6230.jpeg 1600w\" sizes=\"auto, (max-width: 1024px) 100vw, 1024px\" \/><\/figure>\n\n\n\n<p>Zum Abschluss wurde noch zu \u201eSo ein sch\u00f6ner Tag\u201c  und \u201eCowboy und Indianer\u201c getanzt, bevor es per Polonaise zur\u00fcck in den Klassenraum ging. <\/p>\n\n\n\n<p>Insgesamt war das ein gelungener Tag f\u00fcr die Grundschule Hemmingen-Westerfeld. <\/p>\n\n\n\n<h2 class=\"wp-block-heading\"><br>Unser Weihnachtsbaum<\/h2>\n\n\n\n<h2 class=\"wp-block-heading\">Bundesweiter Vorlesetag <\/h2>\n\n\n\n<p>Beim j\u00e4hrlich stattfindenden Vorlesetag lesen Erwachsene Kindern an verschiedenen Vorleseorten vor. Damit soll ein Zeichen f\u00fcr die Bedeutung des Lesens gesetzt werden, denn Lesen ist eine der wichtigsten Voraussetzungen f\u00fcr Bildung und Zukunftschancen und gerade das Vorlesen erweitert den Wortschatz der Kinder und legt den Grundstein f\u00fcr den sp\u00e4teren Wissenserwerb.<\/p>\n\n\n\n<figure class=\"wp-block-image aligncenter is-resized has-custom-border is-style-default\"><img loading=\"lazy\" decoding=\"async\" width=\"768\" height=\"1024\" src=\"https:\/\/gshemmingen-westerfeld.de\/wp-content\/uploads\/2023\/11\/image0-768x1024.jpeg\" alt=\"\" class=\"wp-image-1283\" style=\"border-radius:20px;aspect-ratio:0.75;width:618px;height:auto\" srcset=\"https:\/\/gshemmingen-westerfeld.de\/wp-content\/uploads\/2023\/11\/image0-768x1024.jpeg 768w, https:\/\/gshemmingen-westerfeld.de\/wp-content\/uploads\/2023\/11\/image0-225x300.jpeg 225w, https:\/\/gshemmingen-westerfeld.de\/wp-content\/uploads\/2023\/11\/image0-1152x1536.jpeg 1152w, https:\/\/gshemmingen-westerfeld.de\/wp-content\/uploads\/2023\/11\/image0-1536x2048.jpeg 1536w, https:\/\/gshemmingen-westerfeld.de\/wp-content\/uploads\/2023\/11\/image0-scaled.jpeg 1920w\" sizes=\"auto, (max-width: 768px) 100vw, 768px\" \/><\/figure>\n\n\n\n<p>Wir haben dazu unseren B\u00fcrgermeister Jan Dingeldey empfangen. Er war am Donnerstag, den 16.11.23 f\u00fcr drei Schulstunden zu Gast in der GS Hemmingen-Westerfeld und hat allen Kindern aus spannenden B\u00fcchern vorgelesen. Die j\u00fcngeren Klassen h\u00f6rten \u201eWir sind nachher wieder da, wir m\u00fcssen kurz nach Afrika\u201c und die h\u00f6heren Klassen \u201eR\u00e4uber Hotzenplotz\u201c. Anschlie\u00dfend durften die Kinder dem B\u00fcrgermeister Fragen stellen. Sie forderten mehr Spielpl\u00e4tze, geringere Eispreise auf dem Rathausplatz, fragten nach seinen Ideen f\u00fcr Hemmingen, seinem damaligen Lieblingsfach in der Schule und welche Hobbies er hat. Auch die H\u00f6he seines Gehaltes und ob er sich einen Lamborghini leisten k\u00f6nne, interessierte die Kinder brennend. Der B\u00fcrgermeister versprach, im n\u00e4chsten Jahr f\u00fcr eine ausgiebige Fragestunde wiederzukommen.<\/p>\n\n\n\n<h2 class=\"wp-block-heading\">Leset\u00fcten und Warnwesten<\/h2>\n\n\n\n<p>Zum Schulstart erhalten alle Erstkl\u00e4ssler eine Leset\u00fcte von der Hemminger Buchandlung an der Deveser Stra\u00dfe. Darin enthalten ist u.a. ein Erstlesebuch und ein Lesezeichen, um die Kinder zum Lesen anzuregen und Freude am Lesen zu wecken. Vielen Dank an Herrn Ko\u00df daf\u00fcr.&nbsp;<\/p>\n\n\n\n<figure class=\"wp-block-gallery has-nested-images columns-default is-cropped wp-block-gallery-11 is-layout-flex wp-block-gallery-is-layout-flex\">\n<figure class=\"wp-block-image size-large has-custom-border\"><img loading=\"lazy\" decoding=\"async\" width=\"768\" height=\"1024\" data-id=\"1288\" src=\"https:\/\/gshemmingen-westerfeld.de\/wp-content\/uploads\/2023\/11\/IMG_0023-768x1024.jpeg\" alt=\"\" class=\"wp-image-1288\" style=\"border-radius:20px\" srcset=\"https:\/\/gshemmingen-westerfeld.de\/wp-content\/uploads\/2023\/11\/IMG_0023-768x1024.jpeg 768w, https:\/\/gshemmingen-westerfeld.de\/wp-content\/uploads\/2023\/11\/IMG_0023-225x300.jpeg 225w, https:\/\/gshemmingen-westerfeld.de\/wp-content\/uploads\/2023\/11\/IMG_0023-1152x1536.jpeg 1152w, https:\/\/gshemmingen-westerfeld.de\/wp-content\/uploads\/2023\/11\/IMG_0023-1536x2048.jpeg 1536w, https:\/\/gshemmingen-westerfeld.de\/wp-content\/uploads\/2023\/11\/IMG_0023-scaled.jpeg 1920w\" sizes=\"auto, (max-width: 768px) 100vw, 768px\" \/><\/figure>\n\n\n\n<figure class=\"wp-block-image size-large has-custom-border\"><img loading=\"lazy\" decoding=\"async\" width=\"1024\" height=\"768\" data-id=\"1287\" src=\"https:\/\/gshemmingen-westerfeld.de\/wp-content\/uploads\/2023\/11\/IMG_0022-1024x768.jpeg\" alt=\"\" class=\"wp-image-1287\" style=\"border-radius:20px\" srcset=\"https:\/\/gshemmingen-westerfeld.de\/wp-content\/uploads\/2023\/11\/IMG_0022-1024x768.jpeg 1024w, https:\/\/gshemmingen-westerfeld.de\/wp-content\/uploads\/2023\/11\/IMG_0022-300x225.jpeg 300w, https:\/\/gshemmingen-westerfeld.de\/wp-content\/uploads\/2023\/11\/IMG_0022-768x576.jpeg 768w, https:\/\/gshemmingen-westerfeld.de\/wp-content\/uploads\/2023\/11\/IMG_0022-1536x1152.jpeg 1536w, https:\/\/gshemmingen-westerfeld.de\/wp-content\/uploads\/2023\/11\/IMG_0022-2048x1536.jpeg 2048w\" sizes=\"auto, (max-width: 1024px) 100vw, 1024px\" \/><\/figure>\n<\/figure>\n\n\n\n<p>Um sich in der dunklen Jahreszeit sicher im Verkehr bewegen zu k\u00f6nnen, schenkt der F\u00f6rderverein jedem Erstkl\u00e4ssler eine Warnweste gesponsert von Hawe`s Brille auf dem Rathausplatz. Diese Weste sollen die Kinder auf dem Schulweg tragen.&nbsp;<\/p>\n\n\n\n<p><\/p>\n\n\n\n<h2 class=\"wp-block-heading\">Einschulung 2023<\/h2>\n\n\n\n<figure class=\"wp-block-image size-large is-resized has-custom-border\"><img loading=\"lazy\" decoding=\"async\" width=\"1024\" height=\"640\" src=\"https:\/\/gshemmingen-westerfeld.de\/wp-content\/uploads\/2023\/11\/IMG_0019-edited-1024x640.jpeg\" alt=\"\" class=\"wp-image-1296\" style=\"border-radius:20px;aspect-ratio:1.6;width:636px;height:auto\" srcset=\"https:\/\/gshemmingen-westerfeld.de\/wp-content\/uploads\/2023\/11\/IMG_0019-edited-1024x640.jpeg 1024w, https:\/\/gshemmingen-westerfeld.de\/wp-content\/uploads\/2023\/11\/IMG_0019-edited-300x188.jpeg 300w, https:\/\/gshemmingen-westerfeld.de\/wp-content\/uploads\/2023\/11\/IMG_0019-edited-768x480.jpeg 768w, https:\/\/gshemmingen-westerfeld.de\/wp-content\/uploads\/2023\/11\/IMG_0019-edited-1536x960.jpeg 1536w, https:\/\/gshemmingen-westerfeld.de\/wp-content\/uploads\/2023\/11\/IMG_0019-edited-2048x1280.jpeg 2048w\" sizes=\"auto, (max-width: 1024px) 100vw, 1024px\" \/><\/figure>\n\n\n\n<p>Am 19. August 2023 schulen wir unsere neuen Erstkl\u00e4ssler ein. Es gibt dieses Jahr vier erste Klassen mit jeweils knapp 20 Sch\u00fclern. Klassenlehrerinnen werden Frau Raatz, Frau Kolomitzki, Frau Damitz und Frau B\u00fcngeler. Wir w\u00fcnschen allen Erstkl\u00e4sslern einen tollen Schulstart.&nbsp;<\/p>\n\n\n\n<h2 class=\"wp-block-heading\">Digitalisierung<\/h2>\n\n\n\n<p><\/p>\n\n\n\n<figure class=\"wp-block-image has-custom-border\"><img loading=\"lazy\" decoding=\"async\" width=\"1024\" height=\"768\" src=\"https:\/\/gshemmingen-westerfeld.de\/wp-content\/uploads\/2023\/11\/IMG_0021-1024x768.jpeg\" alt=\"\" class=\"wp-image-1286\" style=\"border-radius:20px\" srcset=\"https:\/\/gshemmingen-westerfeld.de\/wp-content\/uploads\/2023\/11\/IMG_0021-1024x768.jpeg 1024w, https:\/\/gshemmingen-westerfeld.de\/wp-content\/uploads\/2023\/11\/IMG_0021-300x225.jpeg 300w, https:\/\/gshemmingen-westerfeld.de\/wp-content\/uploads\/2023\/11\/IMG_0021-768x576.jpeg 768w, https:\/\/gshemmingen-westerfeld.de\/wp-content\/uploads\/2023\/11\/IMG_0021-1536x1152.jpeg 1536w, https:\/\/gshemmingen-westerfeld.de\/wp-content\/uploads\/2023\/11\/IMG_0021-2048x1536.jpeg 2048w\" sizes=\"auto, (max-width: 1024px) 100vw, 1024px\" \/><\/figure>\n\n\n\n<p>Freuen k\u00f6nnen sich alle Sch\u00fclerInnen und Lehrerinnen \u00fcber die in den Sommerferien installierten digitalen Tafeln. Die Stadt Hemmingen hat insgesamt 13 digitale Tafeln, f\u00fcr jeden Klassenraum eine, finanziert. Bei einer Fortbildung lernt das Personal der Schule viele M\u00f6glichkeiten kennen, wie man die Tafel einsetzen kann. Nat\u00fcrlich kann man auf der Tafel schreiben, verschiedenen Lineaturen aufrufen, mit dem digitalen Geodreieck oder Lineal zeichnen, Tabellen erstellen und \u00e4hnliches. Man kann aber auch das ipad oder Handy spiegeln, sodass Fotos von Arbeitsbl\u00e4ttern, Buchseiten, Sch\u00fclerergebnissen usw. an der Tafel sichtbar werden und dort sogar mit dem digitalen Stift bearbeitet werden k\u00f6nnen. Auch Lernvideos k\u00f6nnen so ganz einfach \u00fcber den Browser abgespielt werden oder Musik \u00fcber Spotify mit den integrierten Lautsprechern. Es gibt noch zahlreiche weitere Tools, die wir mit der Zeit entdecken werden. Die Tafeln bieten also eine Vielzahl an neuen M\u00f6glichkeiten und erleichtern den Schulalltag.<\/p>\n\n\n\n<h2 class=\"wp-block-heading\">Sommerfest<\/h2>\n\n\n\n<p>Am 23. Juni 2023 fand das von Eltern organisierte Sommerfest der GS Hemmingen-Westerfeld statt. Nach extremen Regen in der Nacht zuvor klarte es p\u00fcnktlich zum Start des Festes auf und Sch\u00fcler, Eltern, Geschwisterkinder, Lehrer und weitere Interressierte trudelten an der Grundschule ein. Nach einer Begr\u00fc\u00dfung in der Eingangshalle durch Frau Hollemann ging es los. Es habe ein paar Aktionsst\u00e4nde f\u00fcr die Kinder, eine Vorf\u00fchrung des Zirkusses in der Turnhalle, eine T\u00e4nzerin mit Mitmachaktion, eine Tombula, ein gro\u00dfes Buffet in der Aula und einen Stand des F\u00f6rdervereins, an dem auch die neuen Schul-T-Shirts und Hoodies erworben werden konnten.<\/p>\n\n\n\n<div style=\"height:43px\" aria-hidden=\"true\" class=\"wp-block-spacer\"><\/div>\n\n\n\n<div class=\"wp-block-columns alignwide is-layout-flex wp-container-core-columns-is-layout-1 wp-block-columns-is-layout-flex\" style=\"border-radius:20px\">\n<div class=\"wp-block-column is-layout-flow wp-block-column-is-layout-flow\">\n<figure class=\"wp-block-image size-large has-custom-border\"><img loading=\"lazy\" decoding=\"async\" width=\"1024\" height=\"768\" src=\"https:\/\/gshemmingen-westerfeld.de\/wp-content\/uploads\/2023\/06\/Bundesjugendspiele-1024x768.jpeg\" alt=\"\" class=\"wp-image-938\" style=\"border-radius:100px\" srcset=\"https:\/\/gshemmingen-westerfeld.de\/wp-content\/uploads\/2023\/06\/Bundesjugendspiele-1024x768.jpeg 1024w, https:\/\/gshemmingen-westerfeld.de\/wp-content\/uploads\/2023\/06\/Bundesjugendspiele-300x225.jpeg 300w, https:\/\/gshemmingen-westerfeld.de\/wp-content\/uploads\/2023\/06\/Bundesjugendspiele-768x576.jpeg 768w, https:\/\/gshemmingen-westerfeld.de\/wp-content\/uploads\/2023\/06\/Bundesjugendspiele-1536x1152.jpeg 1536w, https:\/\/gshemmingen-westerfeld.de\/wp-content\/uploads\/2023\/06\/Bundesjugendspiele.jpeg 1632w\" sizes=\"auto, (max-width: 1024px) 100vw, 1024px\" \/><\/figure>\n<\/div>\n\n\n\n<div class=\"wp-block-column is-layout-flow wp-block-column-is-layout-flow\">\n<h3 class=\"wp-block-heading has-text-align-center\">Bundesjugendspiele, 05.06.2023<\/h3>\n\n\n\n<p>Am 05.06.2023 veranstalteten wir unsere ersten Bundesjugendspiele auf dem Sportplatz der Carl-Friedrich-Gau\u00df Schule Hemmingen.<\/p>\n\n\n\n<p>Die Kinder sollten f\u00fcr sich ihr K\u00f6nnen an 5 verschiedenen Stationen beweisen.<br>&#8211; Weitsprung<br>&#8211; Ausdauerlauf<br>&#8211; Schlagball-Wurf<br>&#8211; H\u00fcrdenlauf<\/p>\n\n\n\n<p>und am wichtigsten: die Staffel. Hier wurde als Klasse angetreten und am Ende gab es auch eine Urkunde f\u00fcr die Gewinner-Klassen!<\/p>\n<\/div>\n<\/div>\n\n\n\n<div style=\"height:100px\" aria-hidden=\"true\" class=\"wp-block-spacer\"><\/div>\n\n\n\n<div class=\"wp-block-columns alignwide is-layout-flex wp-container-core-columns-is-layout-5 wp-block-columns-is-layout-flex\">\n<div class=\"wp-block-column is-layout-flow wp-block-column-is-layout-flow\">\n<h3 class=\"wp-block-heading has-text-align-center\">Phaeno, 19.\/27.04.2023<\/h3>\n\n\n\n<div class=\"wp-block-columns is-layout-flex wp-container-core-columns-is-layout-2 wp-block-columns-is-layout-flex\">\n<div class=\"wp-block-column is-layout-flow wp-block-column-is-layout-flow\">\n<p>Am 19. und 27. April ist unsere Schule in das phaeno in Wolfsburg gefahren. Die Kinder konnten viele der \u00fcber 300 Experimente austesten und erkunden.<\/p>\n<\/div>\n\n\n\n<div class=\"wp-block-column is-layout-flow wp-block-column-is-layout-flow\">\n<figure class=\"wp-block-image size-full has-custom-border\"><img loading=\"lazy\" decoding=\"async\" width=\"1024\" height=\"768\" src=\"https:\/\/gshemmingen-westerfeld.de\/wp-content\/uploads\/2023\/06\/gshw-8.jpeg\" alt=\"\" class=\"wp-image-1036\" style=\"border-radius:100px\" srcset=\"https:\/\/gshemmingen-westerfeld.de\/wp-content\/uploads\/2023\/06\/gshw-8.jpeg 1024w, https:\/\/gshemmingen-westerfeld.de\/wp-content\/uploads\/2023\/06\/gshw-8-300x225.jpeg 300w, https:\/\/gshemmingen-westerfeld.de\/wp-content\/uploads\/2023\/06\/gshw-8-768x576.jpeg 768w\" sizes=\"auto, (max-width: 1024px) 100vw, 1024px\" \/><\/figure>\n<\/div>\n<\/div>\n\n\n\n<div class=\"wp-block-columns is-layout-flex wp-container-core-columns-is-layout-3 wp-block-columns-is-layout-flex\">\n<div class=\"wp-block-column is-layout-flow wp-block-column-is-layout-flow\">\n<figure class=\"wp-block-image size-full has-custom-border\"><img loading=\"lazy\" decoding=\"async\" width=\"1024\" height=\"612\" src=\"https:\/\/gshemmingen-westerfeld.de\/wp-content\/uploads\/2023\/06\/gshw-11.jpeg\" alt=\"\" class=\"wp-image-1021\" style=\"border-style:solid;border-radius:100px\" srcset=\"https:\/\/gshemmingen-westerfeld.de\/wp-content\/uploads\/2023\/06\/gshw-11.jpeg 1024w, https:\/\/gshemmingen-westerfeld.de\/wp-content\/uploads\/2023\/06\/gshw-11-300x179.jpeg 300w, https:\/\/gshemmingen-westerfeld.de\/wp-content\/uploads\/2023\/06\/gshw-11-768x459.jpeg 768w\" sizes=\"auto, (max-width: 1024px) 100vw, 1024px\" \/><\/figure>\n<\/div>\n\n\n\n<div class=\"wp-block-column is-layout-flow wp-block-column-is-layout-flow\">\n<figure class=\"wp-block-image size-full has-custom-border\"><img loading=\"lazy\" decoding=\"async\" width=\"1024\" height=\"545\" src=\"https:\/\/gshemmingen-westerfeld.de\/wp-content\/uploads\/2023\/06\/gshw-12.jpeg\" alt=\"\" class=\"wp-image-1022\" style=\"border-radius:100px\" srcset=\"https:\/\/gshemmingen-westerfeld.de\/wp-content\/uploads\/2023\/06\/gshw-12.jpeg 1024w, https:\/\/gshemmingen-westerfeld.de\/wp-content\/uploads\/2023\/06\/gshw-12-300x160.jpeg 300w, https:\/\/gshemmingen-westerfeld.de\/wp-content\/uploads\/2023\/06\/gshw-12-768x409.jpeg 768w\" sizes=\"auto, (max-width: 1024px) 100vw, 1024px\" \/><\/figure>\n<\/div>\n<\/div>\n<\/div>\n\n\n\n<div class=\"wp-block-column is-layout-flow wp-block-column-is-layout-flow\">\n<div class=\"wp-block-columns is-layout-flex wp-container-core-columns-is-layout-4 wp-block-columns-is-layout-flex\">\n<div class=\"wp-block-column is-layout-flow wp-block-column-is-layout-flow\">\n<figure class=\"wp-block-image size-full has-custom-border\"><img loading=\"lazy\" decoding=\"async\" width=\"768\" height=\"1024\" src=\"https:\/\/gshemmingen-westerfeld.de\/wp-content\/uploads\/2023\/06\/gshw-9.jpeg\" alt=\"\" class=\"wp-image-1019\" style=\"border-radius:100px\" srcset=\"https:\/\/gshemmingen-westerfeld.de\/wp-content\/uploads\/2023\/06\/gshw-9.jpeg 768w, https:\/\/gshemmingen-westerfeld.de\/wp-content\/uploads\/2023\/06\/gshw-9-225x300.jpeg 225w\" sizes=\"auto, (max-width: 768px) 100vw, 768px\" \/><\/figure>\n<\/div>\n\n\n\n<div class=\"wp-block-column is-layout-flow wp-block-column-is-layout-flow\">\n<figure class=\"wp-block-image size-full has-custom-border\"><img loading=\"lazy\" decoding=\"async\" width=\"768\" height=\"1024\" src=\"https:\/\/gshemmingen-westerfeld.de\/wp-content\/uploads\/2023\/06\/gshw-10.jpeg\" alt=\"\" class=\"wp-image-1020\" style=\"border-radius:100px\" srcset=\"https:\/\/gshemmingen-westerfeld.de\/wp-content\/uploads\/2023\/06\/gshw-10.jpeg 768w, https:\/\/gshemmingen-westerfeld.de\/wp-content\/uploads\/2023\/06\/gshw-10-225x300.jpeg 225w\" sizes=\"auto, (max-width: 768px) 100vw, 768px\" \/><\/figure>\n<\/div>\n<\/div>\n<\/div>\n<\/div>\n\n\n\n<div style=\"height:100px\" aria-hidden=\"true\" class=\"wp-block-spacer\"><\/div>\n\n\n\n<div class=\"wp-block-columns alignwide is-layout-flex wp-container-core-columns-is-layout-7 wp-block-columns-is-layout-flex\">\n<div class=\"wp-block-column is-layout-flow wp-block-column-is-layout-flow\">\n<h3 class=\"wp-block-heading has-text-align-center\">Sportfest, 22.09.2023<\/h3>\n\n\n\n<div class=\"wp-block-columns is-layout-flex wp-container-core-columns-is-layout-6 wp-block-columns-is-layout-flex\">\n<div class=\"wp-block-column is-layout-flow wp-block-column-is-layout-flow\">\n<p>Am 22. September haben wir endlich wieder ein Sportfest organisiert. Die Kinder durften an verschiedenen Stationen spielerich ihr K\u00f6nnen beweisen.<\/p>\n<\/div>\n<\/div>\n\n\n\n<div style=\"height:26px\" aria-hidden=\"true\" class=\"wp-block-spacer\"><\/div>\n\n\n\n<figure class=\"wp-block-image size-large has-custom-border\"><img loading=\"lazy\" decoding=\"async\" width=\"5694\" height=\"3720\" src=\"https:\/\/grundschulehw.files.wordpress.com\/2023\/04\/img_0737.jpg?w=1024\" alt=\"\" class=\"wp-image-629\" style=\"border-radius:100px\"\/><\/figure>\n<\/div>\n\n\n\n<div class=\"wp-block-column is-layout-flow wp-block-column-is-layout-flow\">\n<figure class=\"wp-block-image size-large has-custom-border\"><img loading=\"lazy\" decoding=\"async\" width=\"4032\" height=\"3024\" src=\"https:\/\/grundschulehw.files.wordpress.com\/2023\/04\/img_0742.jpg?w=1024\" alt=\"\" class=\"wp-image-630\" style=\"border-radius:100px\"\/><\/figure>\n<\/div>\n<\/div>\n\n\n\n<div style=\"height:100px\" aria-hidden=\"true\" class=\"wp-block-spacer\"><\/div>\n\n\n\n<div class=\"wp-block-columns alignwide is-layout-flex wp-container-core-columns-is-layout-10 wp-block-columns-is-layout-flex\">\n<div class=\"wp-block-column is-layout-flow wp-block-column-is-layout-flow\" style=\"flex-basis:100%\">\n<div class=\"wp-block-columns alignwide has-chivo-font-family is-layout-flex wp-container-core-columns-is-layout-8 wp-block-columns-is-layout-flex\">\n<div class=\"wp-block-column is-layout-flow wp-block-column-is-layout-flow\">\n<h1 class=\"wp-block-heading has-text-align-center has-chivo-font-family has-medium-font-size\"><strong>Grundschule Hemmingen-Westerfeld<\/strong><\/h1>\n\n\n\n<p class=\"has-text-align-center\">K\u00f6llnbrinkweg 48<\/p>\n\n\n\n<p class=\"has-text-align-center\">30966 Hemmingen<\/p>\n<\/div>\n\n\n\n<div class=\"wp-block-column is-layout-flow wp-block-column-is-layout-flow\">\n<p class=\"has-text-align-center\"><strong>Lassen Sie es uns wissen,<\/strong><\/p>\n\n\n\n<p class=\"has-text-align-center\"><strong>wenn Sie Fragen haben.<\/strong><\/p>\n\n\n\n<p class=\"has-text-align-center\"><a href=\"mailto:sekretariat@gshemmingen-westerfeld.de\" data-type=\"mailto\" data-id=\"mailto:sekretariat@gshemmingen-westerfeld.de\">\u2709 sekretariat@gshemmingen-westerfeld.de<\/a><\/p>\n<\/div>\n<\/div>\n\n\n\n<div style=\"height:40px\" aria-hidden=\"true\" class=\"wp-block-spacer\"><\/div>\n\n\n\n<p class=\"has-text-align-center has-chivo-font-family\">\u00a9 2023 Grundschule Hemmingen-Westerfeld<\/p>\n\n\n\n<div class=\"wp-block-columns has-chivo-font-family is-layout-flex wp-container-core-columns-is-layout-9 wp-block-columns-is-layout-flex\">\n<div class=\"wp-block-column is-layout-flow wp-block-column-is-layout-flow\">\n<p class=\"has-text-align-center has-link-color wp-elements-a3464565d3f97647b68b682ae352363d\"><a href=\"https:\/\/gshemmingen-westerfeld.de\/index.php\/impressum\/\" data-type=\"page\" data-id=\"129\">Impressum<\/a> &amp; <a href=\"https:\/\/gshemmingen-westerfeld.de\/index.php\/datenschutz\/\" data-type=\"page\" data-id=\"133\">Datenschutz<\/a><\/p>\n<\/div>\n<\/div>\n<\/div>\n<\/div>\n","protected":false},"excerpt":{"rendered":"<p>Schulleben Schnuppertraining: Hockey und Rugby Im M\u00e4rz erhalten alle dritten Klassen eine Stunde Schnuppertraining im Hockey sowie eine im Rugby durch Hannover 78. Die Kinder durften mit echten Hockeyschl\u00e4gern und &#8211; b\u00e4llen die Ballf\u00fchrung und das Passen \u00fcben und einen kleinen Parcours durchlaufen sowie den Rugbyball ausprobieren und damit das Werfen und Fangen \u00fcben. Gro\u00dfe [&hellip;]<\/p>\n","protected":false},"author":1,"featured_media":0,"parent":0,"menu_order":0,"comment_status":"closed","ping_status":"closed","template":"","meta":{"footnotes":""},"class_list":["post-610","page","type-page","status-publish","hentry"],"jetpack_sharing_enabled":true,"_links":{"self":[{"href":"https:\/\/gshemmingen-westerfeld.de\/index.php\/wp-json\/wp\/v2\/pages\/610","targetHints":{"allow":["GET"]}}],"collection":[{"href":"https:\/\/gshemmingen-westerfeld.de\/index.php\/wp-json\/wp\/v2\/pages"}],"about":[{"href":"https:\/\/gshemmingen-westerfeld.de\/index.php\/wp-json\/wp\/v2\/types\/page"}],"author":[{"embeddable":true,"href":"https:\/\/gshemmingen-westerfeld.de\/index.php\/wp-json\/wp\/v2\/users\/1"}],"replies":[{"embeddable":true,"href":"https:\/\/gshemmingen-westerfeld.de\/index.php\/wp-json\/wp\/v2\/comments?post=610"}],"version-history":[{"count":107,"href":"https:\/\/gshemmingen-westerfeld.de\/index.php\/wp-json\/wp\/v2\/pages\/610\/revisions"}],"predecessor-version":[{"id":2108,"href":"https:\/\/gshemmingen-westerfeld.de\/index.php\/wp-json\/wp\/v2\/pages\/610\/revisions\/2108"}],"wp:attachment":[{"href":"https:\/\/gshemmingen-westerfeld.de\/index.php\/wp-json\/wp\/v2\/media?parent=610"}],"curies":[{"name":"wp","href":"https:\/\/api.w.org\/{rel}","templated":true}]}}