{"id":658,"date":"2023-05-03T08:32:38","date_gmt":"2023-05-03T06:32:38","guid":{"rendered":"https:\/\/grundschulehw.wordpress.com\/?page_id=658"},"modified":"2025-05-13T12:37:22","modified_gmt":"2025-05-13T12:37:22","slug":"schulsozialarbeit","status":"publish","type":"page","link":"https:\/\/gshemmingen-westerfeld.de\/index.php\/schulsozialarbeit\/","title":{"rendered":"Schulsozialarbeit"},"content":{"rendered":"\n<figure class=\"wp-block-image aligncenter size-large is-resized has-custom-border\"><img loading=\"lazy\" decoding=\"async\" width=\"555\" height=\"96\" src=\"https:\/\/grundschulehw.files.wordpress.com\/2023\/05\/schulsozialarbeit.png?w=555\" alt=\"\" class=\"wp-image-676\" style=\"border-radius:100px;width:636px;height:110px\"\/><\/figure>\n\n\n\n<h4 class=\"wp-block-heading has-text-align-center\">Meine Sprechzeiten<\/h4>\n\n\n\n<p class=\"has-text-align-center\">Mo. &#8211; Do. : <br>8:00 Uhr &#8211; 12:00 Uhr <\/p>\n\n\n\n<p class=\"has-text-align-center\">oder nach Vereinbarung<\/p>\n\n\n\n<h4 class=\"wp-block-heading has-text-align-center\">Kontakt<\/h4>\n\n\n\n<p class=\"has-text-align-center\">0511 &#8211; 920 21 381<\/p>\n\n\n\n<p class=\"has-text-align-center\">dueck@gshemmingen-westerfeld.de<\/p>\n\n\n\n<div style=\"height:55px\" aria-hidden=\"true\" class=\"wp-block-spacer\"><\/div>\n\n\n\n<div class=\"wp-block-columns alignwide is-layout-flex wp-container-core-columns-is-layout-2 wp-block-columns-is-layout-flex\">\n<div class=\"wp-block-column is-layout-flow wp-block-column-is-layout-flow\">\n<div class=\"wp-block-columns is-layout-flex wp-container-core-columns-is-layout-1 wp-block-columns-is-layout-flex\">\n<div class=\"wp-block-column is-vertically-aligned-top is-layout-flow wp-block-column-is-layout-flow\" style=\"flex-basis:66.66%\">\n<div class=\"wp-block-group has-global-padding is-layout-constrained wp-block-group-is-layout-constrained\">\n<p class=\"has-text-align-center\">Liebe Erziehungsberechtigte, liebe Interessierte, <\/p>\n\n\n\n<p class=\"has-text-align-center\">ich hei\u00dfe Anna D\u00fcck und bin seit April 2025 die neue Schulsozialarbeiterin <br>an der Grundschule Hemmingen-Westerfeld. <br>Mit meinen Angeboten leiste ich einen wichtigen Beitrag <br>zum Erhalt eines gesunden Schulklimas. <br>Ich agiere in den Bereichen Kindes- und Jugendwohl, <br>Gewaltpr\u00e4vention, Streitschlichtung und Mediation, Sozial- und Konflikttraining, Gesundheitsf\u00f6rderung und Schulabsentismus.<\/p>\n\n\n\n<p class=\"has-text-align-center\">Mein Beratungs- und Unterst\u00fctzungsangebot richtet sich neben den Sch\u00fcler*innen und dem Kollegium auch an Sie als Sorgeberechtigte.<\/p>\n\n\n\n<p class=\"has-text-align-center\">Das Beratungsangebot ist freiwillig, vertraulich und unterliegt der Schweigepflicht. <\/p>\n\n\n\n<p class=\"has-text-align-center\">Geplante Angebote im neuen Schuljahr sind: <\/p>\n\n\n\n<ul class=\"wp-block-list\">\n<li>pr\u00e4ventive Trainings \u201estarke Kinder, starke Klasse, starke Schule\u201c. Dies soll die St\u00e4rkung der sozialen Kompetenz der Kinder unterst\u00fctzen. Bei Bedarf werden auch zus\u00e4tzliche Trainings in Absprache mit den Klassenlehrkr\u00e4ften umgesetzt. <br><\/li>\n\n\n\n<li>Koordination des Sch\u00fclerrats<br><\/li>\n<\/ul>\n<\/div>\n<\/div>\n\n\n\n<div class=\"wp-block-column is-layout-flow wp-block-column-is-layout-flow\" style=\"flex-basis:33.33%\">\n<figure class=\"wp-block-image aligncenter size-full is-resized has-custom-border\"><img loading=\"lazy\" decoding=\"async\" width=\"481\" height=\"640\" src=\"https:\/\/gshemmingen-westerfeld.de\/wp-content\/uploads\/2025\/05\/IMG_20250313_114813303-1.jpeg\" alt=\"\" class=\"wp-image-1869\" style=\"border-radius:25px;width:236px;height:360px\" srcset=\"https:\/\/gshemmingen-westerfeld.de\/wp-content\/uploads\/2025\/05\/IMG_20250313_114813303-1.jpeg 481w, https:\/\/gshemmingen-westerfeld.de\/wp-content\/uploads\/2025\/05\/IMG_20250313_114813303-1-225x300.jpeg 225w\" sizes=\"auto, (max-width: 481px) 100vw, 481px\" \/><figcaption class=\"wp-element-caption\">Anna D\u00fcck<\/figcaption><\/figure>\n<\/div>\n<\/div>\n<\/div>\n<\/div>\n\n\n\n<div style=\"height:73px\" aria-hidden=\"true\" class=\"wp-block-spacer\"><\/div>\n\n\n\n<h4 class=\"wp-block-heading has-text-align-center\">Zu meinen Aufgaben geh\u00f6ren u.a.: <\/h4>\n\n\n\n<div style=\"height:34px\" aria-hidden=\"true\" class=\"wp-block-spacer\"><\/div>\n\n\n\n<div class=\"wp-block-columns alignwide is-layout-flex wp-container-core-columns-is-layout-4 wp-block-columns-is-layout-flex\">\n<div class=\"wp-block-column is-layout-flow wp-block-column-is-layout-flow\" style=\"flex-basis:100%\">\n<div class=\"wp-block-columns is-layout-flex wp-container-core-columns-is-layout-3 wp-block-columns-is-layout-flex\">\n<div class=\"wp-block-column is-layout-flow wp-block-column-is-layout-flow\">\n<div class=\"wp-block-cover\" style=\"border-radius:100px;min-height:200px;aspect-ratio:unset;\"><span aria-hidden=\"true\" class=\"wp-block-cover__background has-background-dim-70 has-background-dim\" style=\"background-color:#b91f00\"><\/span><div class=\"wp-block-cover__inner-container is-layout-flow wp-block-cover-is-layout-flow\">\n<p class=\"has-text-align-center has-normal-font-size\">Beratung und Begleitung der Sch\u00fcler*innen bei individuellen<br>Problemlagen<\/p>\n<\/div><\/div>\n<\/div>\n\n\n\n<div class=\"wp-block-column is-layout-flow wp-block-column-is-layout-flow\">\n<div class=\"wp-block-cover\" style=\"border-radius:100px;min-height:200px;aspect-ratio:unset;\"><span aria-hidden=\"true\" class=\"wp-block-cover__background has-background-dim-70 has-background-dim\" style=\"background-color:#2f7d0e\"><\/span><div class=\"wp-block-cover__inner-container is-layout-flow wp-block-cover-is-layout-flow\">\n<p class=\"has-text-align-center has-normal-font-size\">Beratung und Begleitung der Schule und der Erziehungsberechtigten bei<br>Problemen der Sch\u00fcler*innen oder famili\u00e4ren Herausforderungen<\/p>\n<\/div><\/div>\n<\/div>\n\n\n\n<div class=\"wp-block-column is-layout-flow wp-block-column-is-layout-flow\">\n<div class=\"wp-block-cover is-light\" style=\"border-radius:100px;min-height:201px;aspect-ratio:unset;\"><span aria-hidden=\"true\" class=\"wp-block-cover__background has-luminous-vivid-amber-background-color has-background-dim-70 has-background-dim\"><\/span><div class=\"wp-block-cover__inner-container is-layout-flow wp-block-cover-is-layout-flow\">\n<p class=\"has-text-align-center has-background-color has-text-color has-normal-font-size\">Vernetzung mit au\u00dferschulischen Einrichtungen (Jugendhilfe, Sozialer<br>Dienst, Familienberatung etc.) und ggf. Vermittlung weiterf\u00fchrender Hilfen<\/p>\n<\/div><\/div>\n<\/div>\n<\/div>\n<\/div>\n<\/div>\n\n\n\n<div style=\"height:45px\" aria-hidden=\"true\" class=\"wp-block-spacer\"><\/div>\n\n\n\n<hr class=\"wp-block-separator has-alpha-channel-opacity is-style-wide\"\/>\n\n\n\n<p class=\"has-text-align-center\">Alle Gespr\u00e4che unterliegen der Verschwiegenheit!<\/p>\n\n\n\n<hr class=\"wp-block-separator has-alpha-channel-opacity is-style-wide\"\/>\n\n\n\n<div style=\"height:33px\" aria-hidden=\"true\" class=\"wp-block-spacer\"><\/div>\n\n\n\n<p class=\"has-text-align-center\">Sie erreichen mich unter<\/p>\n\n\n\n<h3 class=\"wp-block-heading has-text-align-center\">0511\/920 213 81<\/h3>\n\n\n\n<h3 class=\"wp-block-heading alignwide has-text-align-center\">dueck @gshemmingen-westerfeld.de<\/h3>\n\n\n\n<div style=\"height:100px\" aria-hidden=\"true\" class=\"wp-block-spacer\"><\/div>\n\n\n\n<div class=\"wp-block-columns alignwide is-layout-flex wp-container-core-columns-is-layout-7 wp-block-columns-is-layout-flex\">\n<div class=\"wp-block-column is-layout-flow wp-block-column-is-layout-flow\" style=\"flex-basis:100%\">\n<div class=\"wp-block-columns alignwide has-chivo-font-family is-layout-flex wp-container-core-columns-is-layout-5 wp-block-columns-is-layout-flex\">\n<div class=\"wp-block-column is-layout-flow wp-block-column-is-layout-flow\">\n<h1 class=\"wp-block-heading has-text-align-center has-chivo-font-family has-medium-font-size\"><strong>Grundschule Hemmingen-Westerfeld<\/strong><\/h1>\n\n\n\n<p class=\"has-text-align-center\">K\u00f6llnbrinkweg 48<\/p>\n\n\n\n<p class=\"has-text-align-center\">30966 Hemmingen<\/p>\n<\/div>\n\n\n\n<div class=\"wp-block-column is-layout-flow wp-block-column-is-layout-flow\">\n<p class=\"has-text-align-center\"><strong>Lassen Sie es uns wissen,<\/strong><\/p>\n\n\n\n<p class=\"has-text-align-center\"><strong>wenn Sie Fragen haben.<\/strong><\/p>\n\n\n\n<p class=\"has-text-align-center\"><a href=\"mailto:sekretariat@gshemmingen-westerfeld.de\" data-type=\"mailto\" data-id=\"mailto:sekretariat@gshemmingen-westerfeld.de\">\u2709 sekretariat@gshemmingen-westerfeld.de<\/a><\/p>\n<\/div>\n<\/div>\n\n\n\n<div style=\"height:40px\" aria-hidden=\"true\" class=\"wp-block-spacer\"><\/div>\n\n\n\n<p class=\"has-text-align-center has-chivo-font-family\">\u00a9 2023 Grundschule Hemmingen-Westerfeld<\/p>\n\n\n\n<div class=\"wp-block-columns has-chivo-font-family is-layout-flex wp-container-core-columns-is-layout-6 wp-block-columns-is-layout-flex\">\n<div class=\"wp-block-column is-layout-flow wp-block-column-is-layout-flow\">\n<p class=\"has-text-align-center has-link-color wp-elements-a3464565d3f97647b68b682ae352363d\"><a href=\"https:\/\/gshemmingen-westerfeld.de\/index.php\/impressum\/\" data-type=\"page\" data-id=\"129\">Impressum<\/a> &amp; <a href=\"https:\/\/gshemmingen-westerfeld.de\/index.php\/datenschutz\/\" data-type=\"page\" data-id=\"133\">Datenschutz<\/a><\/p>\n<\/div>\n<\/div>\n<\/div>\n<\/div>\n","protected":false},"excerpt":{"rendered":"<p>Meine Sprechzeiten Mo. &#8211; Do. : 8:00 Uhr &#8211; 12:00 Uhr oder nach Vereinbarung Kontakt 0511 &#8211; 920 21 381 dueck@gshemmingen-westerfeld.de Liebe Erziehungsberechtigte, liebe Interessierte, ich hei\u00dfe Anna D\u00fcck und bin seit April 2025 die neue Schulsozialarbeiterin an der Grundschule Hemmingen-Westerfeld. Mit meinen Angeboten leiste ich einen wichtigen Beitrag zum Erhalt eines gesunden Schulklimas. Ich [&hellip;]<\/p>\n","protected":false},"author":1,"featured_media":676,"parent":0,"menu_order":0,"comment_status":"closed","ping_status":"closed","template":"","meta":{"footnotes":""},"class_list":["post-658","page","type-page","status-publish","has-post-thumbnail","hentry"],"jetpack_sharing_enabled":true,"_links":{"self":[{"href":"https:\/\/gshemmingen-westerfeld.de\/index.php\/wp-json\/wp\/v2\/pages\/658","targetHints":{"allow":["GET"]}}],"collection":[{"href":"https:\/\/gshemmingen-westerfeld.de\/index.php\/wp-json\/wp\/v2\/pages"}],"about":[{"href":"https:\/\/gshemmingen-westerfeld.de\/index.php\/wp-json\/wp\/v2\/types\/page"}],"author":[{"embeddable":true,"href":"https:\/\/gshemmingen-westerfeld.de\/index.php\/wp-json\/wp\/v2\/users\/1"}],"replies":[{"embeddable":true,"href":"https:\/\/gshemmingen-westerfeld.de\/index.php\/wp-json\/wp\/v2\/comments?post=658"}],"version-history":[{"count":13,"href":"https:\/\/gshemmingen-westerfeld.de\/index.php\/wp-json\/wp\/v2\/pages\/658\/revisions"}],"predecessor-version":[{"id":1894,"href":"https:\/\/gshemmingen-westerfeld.de\/index.php\/wp-json\/wp\/v2\/pages\/658\/revisions\/1894"}],"wp:featuredmedia":[{"embeddable":true,"href":"https:\/\/gshemmingen-westerfeld.de\/index.php\/wp-json\/wp\/v2\/media\/676"}],"wp:attachment":[{"href":"https:\/\/gshemmingen-westerfeld.de\/index.php\/wp-json\/wp\/v2\/media?parent=658"}],"curies":[{"name":"wp","href":"https:\/\/api.w.org\/{rel}","templated":true}]}}